{"id":2591,"date":"2026-03-02T15:53:05","date_gmt":"2026-03-02T15:53:05","guid":{"rendered":"https:\/\/serviceshop.a.aedlab.nl\/?post_type=aed-voor-jouw&#038;p=2591"},"modified":"2026-09-01T15:34:10","modified_gmt":"2026-09-01T13:34:10","slug":"commune","status":"publish","type":"aed-voor-jouw","link":"https:\/\/serviceshop.a.aedlab.nl\/be-fr\/aed-voor-jouw\/gemeente\/","title":{"rendered":"Commune"},"content":{"rendered":"<section class=\"bde-section-2591-100 bde-section\">\n  \n  \n\t\n\n\n\n<div class=\"section-container\"><h1 class=\"bde-heading-2591-102 bde-heading\">\nDAE pour les municipalit\u00e9s\n<\/h1><\/div>\n<\/section><section class=\"bde-section-2591-103 bde-section\">\n  \n  \n\t\n\n\n\n<div class=\"section-container\"><div class=\"bde-columns-2591-104 bde-columns\"><div class=\"bde-column-2591-105 bde-column\">\n  \n  \n\t\n\n\n\n<img decoding=\"async\" class=\"bde-image2-2591-106 bde-image2\" src=\"https:\/\/serviceshop.a.aedlab.nl\/wp-content\/uploads\/2025\/11\/AED-Partner-onderwijs2.jpg\" alt=\"Un employ\u00e9 de la municipalit\u00e9 pose avec un DAE \u00e0 l&#039;ext\u00e9rieur, devant la mairie\" loading=\"lazy\" srcset=\"https:\/\/serviceshop.a.aedlab.nl\/wp-content\/uploads\/2025\/11\/AED-Partner-onderwijs2.jpg 1200w, https:\/\/serviceshop.a.aedlab.nl\/wp-content\/uploads\/2025\/11\/AED-Partner-onderwijs2-300x200.jpg 300w, https:\/\/serviceshop.a.aedlab.nl\/wp-content\/uploads\/2025\/11\/AED-Partner-onderwijs2-1024x683.jpg 1024w, https:\/\/serviceshop.a.aedlab.nl\/wp-content\/uploads\/2025\/11\/AED-Partner-onderwijs2-768x512.jpg 768w, https:\/\/serviceshop.a.aedlab.nl\/wp-content\/uploads\/2025\/11\/AED-Partner-onderwijs2-18x12.jpg 18w\" sizes=\"(max-width: 1200px) 100vw, 1200px\" data-entrance=\"fade\">\n<\/div><div class=\"bde-column-2591-107 bde-column\">\n              \n  \n  \n\t\n\n  <div class=\"section-background-overlay\"><\/div>\n\n\n<h2 class=\"bde-heading-2591-108 bde-heading\">\nUne commune amie du c\u0153ur pour tous\n<\/h2><div class=\"bde-text-2591-109 bde-text\">\nUne crise cardiaque peut arriver n'importe quand et n'importe o\u00f9 : \u00e0 la maison, au parc ou dans la rue. En tant que commune, vous jouez un r\u00f4le crucial dans la facilitation de la s\u00e9curit\u00e9 cardiaque publique. En garantissant un r\u00e9seau d'DAE couvrant et bien entretenu, vous donnez aux passants la possibilit\u00e9 de porter secours rapidement. Et cela sauve des vies !\n<\/div>\n<\/div><\/div><\/div>\n<\/section><section class=\"bde-section-2591-164 bde-section\">\n  \n  \n\t\n\n\n\n<div class=\"section-container\"><div class=\"bde-columns-2591-165 bde-columns\"><div class=\"bde-column-2591-166 bde-column\">\n  \n  \n\t\n\n\n\n<h3 class=\"bde-heading-2591-150 bde-heading\">\nQuel DAE est adapt\u00e9 aux communes ?\n<\/h3><div class=\"bde-text-2591-159 bde-text\">\nLes DAE publics sont souvent utilis\u00e9s par des secouristes non form\u00e9s. En raison du stress d'une intervention, ces t\u00e9moins ressentent souvent le \u2018 doute de la pression \u2019. Et pourtant, chaque seconde compte ! C'est pourquoi nous conseillons aux communes de choisir un DAE enti\u00e8rement automatique. Ce type de DAE administre lui-m\u00eame le choc, ce qui ne laisse aucune place au doute. Et cela am\u00e9liore les chances de survie ! Avec notre Aide au Choix de DAE, vous d\u00e9couvrez rapidement et gratuitement quel DAE convient le mieux \u00e0 votre situation :\n<\/div><div class=\"bde-button-2591-169 bde-button\">\n    \n                        \n                        \n    \n    \n    \n    \n            \n                    \n            \n            \n\n    \n    \n    \n    \n    \n    <a class=\"breakdance-link button-atom button-atom--custom bde-button__button\" href=\"\/be-fr\/aide-au-choix-des-dae\/\" target=\"_self\" data-type=\"url\"  >\n\n    \n        <span class=\"button-atom__text\">Aide au Choix DAE (2 min)<\/span>\n\n                            \n        \n                <\/a>\n\n    \n\n\n<\/div>\n<\/div><div class=\"bde-column-2591-170 bde-column\">\n  \n  \n\t\n\n\n\n<h3 class=\"bde-heading-2591-162 bde-heading\">\nEn bref : D\u00e9fibrillateurs pour les municipalit\u00e9s\n<\/h3><div class=\"bde-icon-list-2591-163 bde-icon-list\">\n<ul>\n  \n              \n    <li>\n              <div class='bde-icon-list__item-wrapper'>\n      \n      <span class='bde-icon-list__icon'>\n        <svg xmlns=\"http:\/\/www.w3.org\/2000\/svg\" viewbox=\"0 0 512 512\"><!--! Font Awesome Free 6.5.1 by @fontawesome - https:\/\/fontawesome.com License - https:\/\/fontawesome.com\/license\/free (Icons: CC BY 4.0, Fonts: SIL OFL 1.1, Code: MIT License) Copyright 2023 Fonticons, Inc. --><path d=\"M256 512A256 256 0 1 0 256 0a256 256 0 1 0 0 512zM369 209L241 337c-9.4 9.4-24.6 9.4-33.9 0l-64-64c-9.4-9.4-9.4-24.6 0-33.9s24.6-9.4 33.9 0l47 47L335 175c9.4-9.4 24.6-9.4 33.9 0s9.4 24.6 0 33.9z\"\/><\/svg>\n      <\/span>\n      <span class='bde-icon-list__text' >\n      Partie d'une politique de s\u00e9curit\u00e9 moderne.\n      <\/span>\n              <\/div>\n      \n    <\/li>\n\n  \n              \n    <li>\n              <div class='bde-icon-list__item-wrapper'>\n      \n      <span class='bde-icon-list__icon'>\n        <svg xmlns=\"http:\/\/www.w3.org\/2000\/svg\" viewbox=\"0 0 512 512\"><!--! Font Awesome Free 6.5.1 by @fontawesome - https:\/\/fontawesome.com License - https:\/\/fontawesome.com\/license\/free (Icons: CC BY 4.0, Fonts: SIL OFL 1.1, Code: MIT License) Copyright 2023 Fonticons, Inc. --><path d=\"M256 512A256 256 0 1 0 256 0a256 256 0 1 0 0 512zM369 209L241 337c-9.4 9.4-24.6 9.4-33.9 0l-64-64c-9.4-9.4-9.4-24.6 0-33.9s24.6-9.4 33.9 0l47 47L335 175c9.4-9.4 24.6-9.4 33.9 0s9.4 24.6 0 33.9z\"\/><\/svg>\n      <\/span>\n      <span class='bde-icon-list__text' >\n      Le r\u00e9seau DAE renforc\u00e9 augmente le taux de survie.\n      <\/span>\n              <\/div>\n      \n    <\/li>\n\n  \n              \n    <li>\n              <div class='bde-icon-list__item-wrapper'>\n      \n      <span class='bde-icon-list__icon'>\n        <svg xmlns=\"http:\/\/www.w3.org\/2000\/svg\" viewbox=\"0 0 512 512\"><!--! Font Awesome Free 6.5.1 by @fontawesome - https:\/\/fontawesome.com License - https:\/\/fontawesome.com\/license\/free (Icons: CC BY 4.0, Fonts: SIL OFL 1.1, Code: MIT License) Copyright 2023 Fonticons, Inc. --><path d=\"M256 512A256 256 0 1 0 256 0a256 256 0 1 0 0 512zM369 209L241 337c-9.4 9.4-24.6 9.4-33.9 0l-64-64c-9.4-9.4-9.4-24.6 0-33.9s24.6-9.4 33.9 0l47 47L335 175c9.4-9.4 24.6-9.4 33.9 0s9.4 24.6 0 33.9z\"\/><\/svg>\n      <\/span>\n      <span class='bde-icon-list__text' >\n      Placement strat\u00e9gique dans les armoires ext\u00e9rieures pour un acc\u00e8s rapide.<br>\n      <\/span>\n              <\/div>\n      \n    <\/li>\n\n  \n              \n    <li>\n              <div class='bde-icon-list__item-wrapper'>\n      \n      <span class='bde-icon-list__icon'>\n        <svg xmlns=\"http:\/\/www.w3.org\/2000\/svg\" viewbox=\"0 0 512 512\"><!--! Font Awesome Free 6.5.1 by @fontawesome - https:\/\/fontawesome.com License - https:\/\/fontawesome.com\/license\/free (Icons: CC BY 4.0, Fonts: SIL OFL 1.1, Code: MIT License) Copyright 2023 Fonticons, Inc. --><path d=\"M256 512A256 256 0 1 0 256 0a256 256 0 1 0 0 512zM369 209L241 337c-9.4 9.4-24.6 9.4-33.9 0l-64-64c-9.4-9.4-9.4-24.6 0-33.9s24.6-9.4 33.9 0l47 47L335 175c9.4-9.4 24.6-9.4 33.9 0s9.4 24.6 0 33.9z\"\/><\/svg>\n      <\/span>\n      <span class='bde-icon-list__text' >\n      Renforcez le r\u00f4le des secouristes citoyens dans votre r\u00e9gion.<br>\n      <\/span>\n              <\/div>\n      \n    <\/li>\n\n  \n              \n    <li>\n              <div class='bde-icon-list__item-wrapper'>\n      \n      <span class='bde-icon-list__icon'>\n        <svg xmlns=\"http:\/\/www.w3.org\/2000\/svg\" viewbox=\"0 0 512 512\"><!--! Font Awesome Free 6.5.1 by @fontawesome - https:\/\/fontawesome.com License - https:\/\/fontawesome.com\/license\/free (Icons: CC BY 4.0, Fonts: SIL OFL 1.1, Code: MIT License) Copyright 2023 Fonticons, Inc. --><path d=\"M256 512A256 256 0 1 0 256 0a256 256 0 1 0 0 512zM369 209L241 337c-9.4 9.4-24.6 9.4-33.9 0l-64-64c-9.4-9.4-9.4-24.6 0-33.9s24.6-9.4 33.9 0l47 47L335 175c9.4-9.4 24.6-9.4 33.9 0s9.4 24.6 0 33.9z\"\/><\/svg>\n      <\/span>\n      <span class='bde-icon-list__text' >\n      Gestion de l'installation, de la surveillance et de la maintenance.\n      <\/span>\n              <\/div>\n      \n    <\/li>\n\n  <\/ul>\n\n<\/div>\n<\/div><\/div><\/div>\n<\/section><section class=\"bde-section-2591-147 bde-section\">\n  \n  \n\t\n\n\n\n<div class=\"section-container\"><div class=\"bde-columns-2591-148 bde-columns\"><div class=\"bde-column-2591-149 bde-column\">\n  \n  \n\t\n\n\n\n<h3 class=\"bde-heading-2591-173 bde-heading\">\nPourquoi les DAE sont-ils importants pour les municipalit\u00e9s ?\n<\/h3><div class=\"bde-text-2591-151 bde-text\">\nUne intervention rapide en cas d\u2019arr\u00eat cardiaque augmente les chances de survie. Malheureusement, l\u2019ambulance ne peut pas \u00eatre partout en moins de six minutes. Un r\u00e9seau dense de DAE dans les communes permet de combler ce d\u00e9lai critique. En investissant, en tant que commune, dans des DAE et leur entretien, vous soutenez la cha\u00eene de soins locale et cr\u00e9ez un cadre de vie s\u00fbr sur le plan cardiaque.\n<\/div>\n<\/div><div class=\"bde-column-2591-152 bde-column\">\n  \n  \n\t\n\n\n\n<img decoding=\"async\" class=\"bde-image2-2591-153 bde-image2\" src=\"https:\/\/serviceshop.aedlab.nl\/wp-content\/uploads\/2025\/11\/AED-Partner-VVE-2.jpg\" alt=\"AED + cintre pendouillent \u00e0 l&#039;entr\u00e9e d&#039;un immeuble d&#039;appartements.\" loading=\"lazy\" srcset=\"https:\/\/serviceshop.aedlab.nl\/wp-content\/uploads\/2025\/11\/AED-Partner-VVE-2.jpg 1200w, https:\/\/serviceshop.aedlab.nl\/wp-content\/uploads\/2025\/11\/AED-Partner-VVE-2-300x200.jpg 300w, https:\/\/serviceshop.aedlab.nl\/wp-content\/uploads\/2025\/11\/AED-Partner-VVE-2-1024x683.jpg 1024w, https:\/\/serviceshop.aedlab.nl\/wp-content\/uploads\/2025\/11\/AED-Partner-VVE-2-768x512.jpg 768w, https:\/\/serviceshop.aedlab.nl\/wp-content\/uploads\/2025\/11\/AED-Partner-VVE-2-18x12.jpg 18w\" sizes=\"(max-width: 1200px) 100vw, 1200px\" data-entrance=\"fade\">\n<\/div><\/div><\/div>\n<\/section><section class=\"bde-section-2591-110 bde-section\">\n  \n  \n\t\n\n\n\n<div class=\"section-container\"><div class=\"bde-shortcode-2591-181 bde-shortcode\">\n<div class=\"aedshop-product-feed\">\n            <p>Aucun produit trouv\u00e9.<\/p>\n        <div class=\"aedshop-product-feed_items\">\n            <\/div>\n<\/div>\n<\/div><\/div>\n<\/section><section class=\"bde-section-2591-115 bde-section\">\n  \n  \n\t\n\n\n\n<div class=\"section-container\"><div class=\"bde-columns-2591-116 bde-columns\"><div class=\"bde-column-2591-117 bde-column\">\n  \n  \n\t\n\n\n\n<img decoding=\"async\" class=\"bde-image2-2591-119 bde-image2\" src=\"https:\/\/serviceshop.aedlab.nl\/wp-content\/uploads\/2026\/03\/AED-Partner-Openbare-ruimte.jpg\" alt=\"Een man rent naar een AED die op een openbare muur hangt\" loading=\"lazy\" srcset=\"https:\/\/serviceshop.aedlab.nl\/wp-content\/uploads\/2026\/03\/AED-Partner-Openbare-ruimte.jpg 1200w, https:\/\/serviceshop.aedlab.nl\/wp-content\/uploads\/2026\/03\/AED-Partner-Openbare-ruimte-300x200.jpg 300w, https:\/\/serviceshop.aedlab.nl\/wp-content\/uploads\/2026\/03\/AED-Partner-Openbare-ruimte-1024x683.jpg 1024w, https:\/\/serviceshop.aedlab.nl\/wp-content\/uploads\/2026\/03\/AED-Partner-Openbare-ruimte-768x512.jpg 768w, https:\/\/serviceshop.aedlab.nl\/wp-content\/uploads\/2026\/03\/AED-Partner-Openbare-ruimte-18x12.jpg 18w\" sizes=\"(max-width: 1200px) 100vw, 1200px\" data-entrance=\"fade\"><h3 class=\"bde-heading-2591-118 bde-heading\">\nUne DAE est-elle obligatoire pour une commune ?\n<\/h3><div class=\"bde-text-2591-120 bde-text\">\nIl n'existe pas de loi sp\u00e9cifique en Belgique qui oblige les municipalit\u00e9s \u00e0 installer des DAE. Cependant, en raison de leur devoir g\u00e9n\u00e9ral de diligence et de leur politique de sant\u00e9 locale, de plus en plus de municipalit\u00e9s choisissent un r\u00f4le proactif. Les DAE deviennent ainsi un \u00e9l\u00e9ment fondamental de l'infrastructure de base pour la s\u00e9curit\u00e9 des citoyens, tout comme un bon \u00e9clairage public.\n<\/div>\n<\/div><div class=\"bde-column-2591-121 bde-column\">\n  \n  \n\t\n\n\n\n<img decoding=\"async\" class=\"bde-image2-2591-123 bde-image2\" src=\"https:\/\/serviceshop.aedlab.nl\/wp-content\/uploads\/2025\/12\/20220524_AED-partner_LR_008_013A3884.jpg\" alt=\"Man haalt AED uit een openbare AED Kast\" loading=\"lazy\" srcset=\"https:\/\/serviceshop.aedlab.nl\/wp-content\/uploads\/2025\/12\/20220524_AED-partner_LR_008_013A3884.jpg 2084w, https:\/\/serviceshop.aedlab.nl\/wp-content\/uploads\/2025\/12\/20220524_AED-partner_LR_008_013A3884-300x200.jpg 300w, https:\/\/serviceshop.aedlab.nl\/wp-content\/uploads\/2025\/12\/20220524_AED-partner_LR_008_013A3884-1024x683.jpg 1024w, https:\/\/serviceshop.aedlab.nl\/wp-content\/uploads\/2025\/12\/20220524_AED-partner_LR_008_013A3884-768x512.jpg 768w, https:\/\/serviceshop.aedlab.nl\/wp-content\/uploads\/2025\/12\/20220524_AED-partner_LR_008_013A3884-1536x1024.jpg 1536w, https:\/\/serviceshop.aedlab.nl\/wp-content\/uploads\/2025\/12\/20220524_AED-partner_LR_008_013A3884-2048x1366.jpg 2048w, https:\/\/serviceshop.aedlab.nl\/wp-content\/uploads\/2025\/12\/20220524_AED-partner_LR_008_013A3884-18x12.jpg 18w\" sizes=\"(max-width: 2084px) 100vw, 2084px\" data-entrance=\"fade\"><h3 class=\"bde-heading-2591-122 bde-heading\">\nO\u00f9 placez-vous un DAE dans la municipalit\u00e9 ?\n<\/h3><div class=\"bde-text-2591-124 bde-text\">\nUn DAE doit \u00eatre \u00e0 port\u00e9e de tous, id\u00e9alement dans un rayon de 500 m\u00e8tres. Ainsi, il est possible de r\u00e9cup\u00e9rer et de d\u00e9ployer un DAE en 6 minutes. Les emplacements logiques peuvent \u00eatre, par exemple, les centres communautaires, les parcs, les \u00e9coles et les centres commerciaux. En pla\u00e7ant le DAE dans une bo\u00eete ext\u00e9rieure chauff\u00e9e, l'appareil reste op\u00e9rationnel par tous les temps.\n<\/div><div class=\"bde-button-2591-174 bde-button\">\n    \n                                    \n    \n    \n    \n    \n            \n                    \n            \n            \n\n    \n    \n    \n    \n    \n    <a class=\"breakdance-link button-atom button-atom--primary bde-button__button\" href=\"\/be-fr\/service-a-la-clientele\/\" target=\"_self\" data-type=\"url\"  >\n\n    \n        <span class=\"button-atom__text\">Je voudrais des conseils<\/span>\n\n        \n        \n                <\/a>\n\n    \n\n\n<\/div>\n<\/div><div class=\"bde-column-2591-125 bde-column\">\n  \n  \n\t\n\n\n\n<img decoding=\"async\" class=\"bde-image2-2591-127 bde-image2\" src=\"https:\/\/serviceshop.aedlab.nl\/wp-content\/uploads\/2026\/04\/AED-Partner_servicemedewerker4-1.jpg\" alt=\"Un technicien de service v\u00e9rifie un DAE\" loading=\"lazy\" srcset=\"https:\/\/serviceshop.aedlab.nl\/wp-content\/uploads\/2026\/04\/AED-Partner_servicemedewerker4-1.jpg 1200w, https:\/\/serviceshop.aedlab.nl\/wp-content\/uploads\/2026\/04\/AED-Partner_servicemedewerker4-1-300x202.jpg 300w, https:\/\/serviceshop.aedlab.nl\/wp-content\/uploads\/2026\/04\/AED-Partner_servicemedewerker4-1-1024x689.jpg 1024w, https:\/\/serviceshop.aedlab.nl\/wp-content\/uploads\/2026\/04\/AED-Partner_servicemedewerker4-1-768x517.jpg 768w, https:\/\/serviceshop.aedlab.nl\/wp-content\/uploads\/2026\/04\/AED-Partner_servicemedewerker4-1-18x12.jpg 18w\" sizes=\"(max-width: 1200px) 100vw, 1200px\" data-entrance=\"fade\"><h3 class=\"bde-heading-2591-126 bde-heading\">\nInstallation et maintenance enti\u00e8rement prises en charge\n<\/h3><div class=\"bde-text-2591-128 bde-text\">\nL'installation d'un DAE est la premi\u00e8re \u00e9tape, mais sa disponibilit\u00e9 op\u00e9rationnelle est le plus important. L'entretien est donc vital. AED-Partner peut s'occuper de l'installation ainsi que de la gestion et de l'entretien. Pensez au remplacement en temps voulu des piles et des \u00e9lectrodes, ainsi qu'\u00e0 un entretien rapide apr\u00e8s utilisation. En Belgique, l'enregistrement d'un DAE est obligatoire. Vous pouvez vous inscrire via le formulaire disponible sur le site web du Service public f\u00e9d\u00e9ral Sant\u00e9.\n<\/div><div class=\"bde-button-2591-175 bde-button\">\n    \n                                    \n    \n    \n    \n    \n            \n                    \n            \n            \n\n    \n    \n    \n    \n    \n    <a class=\"breakdance-link button-atom button-atom--primary bde-button__button\" href=\"\/shop-be\/fr\/groupe\/service\" target=\"_self\" data-type=\"url\"  >\n\n    \n        <span class=\"button-atom__text\">Nos abonnements de service<\/span>\n\n        \n        \n                <\/a>\n\n    \n\n\n<\/div>\n<\/div><\/div><\/div>\n<\/section><section class=\"bde-section-2591-176 bde-section\">\n  \n  \n\t\n\n\n\n<div class=\"section-container\"><h3 class=\"bde-heading-2591-177 bde-heading\">\nExp\u00e9riences de nos clients\n<\/h3><div class=\"bde-columns-2591-182 bde-columns\"><div class=\"bde-column-2591-183 bde-column\">\n  \n  \n\t\n\n\n\n<div class=\"bde-post-list-2591-184 bde-post-list\"><div class=\"breakdance-swiper-wrapper\" data-swiper-id=\"184\"><div class=\"swiper\"><div class=\"bde-loop bde-loop-slider ee-posts ee-posts-slider swiper-wrapper\">    <article class=\"bde-loop-item ee-post swiper-slide\">\n                                <a class=\"bde-loop-item__image-link ee-post-image-link\" href=\"https:\/\/serviceshop.a.aedlab.nl\/be-fr\/klantverhaal\/bcs-bv-investeert-in-hartveiligheid-met-aeds-op-de-locaties-in-beringen-en-tessenderlo\/\" aria-label=\"BCS BV investeert in hartveiligheid met AED&#8217;s op de locaties in Beringen en Tessenderlo\">\n                <div class=\"bde-loop-item__image ee-post-image\">\n                    <img loading=\"lazy\" decoding=\"async\" width=\"1608\" height=\"1442\" src=\"https:\/\/serviceshop.a.aedlab.nl\/wp-content\/uploads\/2026\/09\/Klantverhaal-BCS-BV.png\" class=\"attachment-full size-full wp-post-image\" alt=\"\" srcset=\"https:\/\/serviceshop.a.aedlab.nl\/wp-content\/uploads\/2026\/09\/Klantverhaal-BCS-BV.png 1608w, https:\/\/serviceshop.a.aedlab.nl\/wp-content\/uploads\/2026\/09\/Klantverhaal-BCS-BV-300x269.png 300w, https:\/\/serviceshop.a.aedlab.nl\/wp-content\/uploads\/2026\/09\/Klantverhaal-BCS-BV-1024x918.png 1024w, https:\/\/serviceshop.a.aedlab.nl\/wp-content\/uploads\/2026\/09\/Klantverhaal-BCS-BV-768x689.png 768w, https:\/\/serviceshop.a.aedlab.nl\/wp-content\/uploads\/2026\/09\/Klantverhaal-BCS-BV-1536x1377.png 1536w, https:\/\/serviceshop.a.aedlab.nl\/wp-content\/uploads\/2026\/09\/Klantverhaal-BCS-BV-13x12.png 13w\" sizes=\"auto, (max-width: 1608px) 100vw, 1608px\" \/>                <\/div>\n            <\/a>\n        \n        \n        <div class=\"bde-loop-item__wrap ee-post-wrap\">\n            \n                            <h3 class=\"ee-post-title\">\n                    <a class=\"bde-loop-item__title-link ee-post-title-link\" href=\"https:\/\/serviceshop.a.aedlab.nl\/be-fr\/klantverhaal\/bcs-bv-investeert-in-hartveiligheid-met-aeds-op-de-locaties-in-beringen-en-tessenderlo\/\" >\n                        BCS BV investeert in hartveiligheid met AED&#8217;s op de locaties in Beringen en Tessenderlo                    <\/a>\n                <\/h3>\n                            <div class=\"bde-loop-item__post-meta ee-post-meta\">\n                    \n                <\/div>\n            \n    \n                        \n                        \n    \n    \n    \n    \n            \n                    \n            \n            \n\n    \n    \n    \n    \n    \n    <a class=\"breakdance-link button-atom button-atom--custom bde-loop-item__button ee-post-button\" href=\"https:\/\/serviceshop.a.aedlab.nl\/be-fr\/klantverhaal\/bcs-bv-investeert-in-hartveiligheid-met-aeds-op-de-locaties-in-beringen-en-tessenderlo\/\" target=\"_self\" data-type=\"\"  >\n\n    \n        <span class=\"button-atom__text\">Lire l'histoire du client<\/span>\n\n                            \n        \n                <\/a>\n\n    \n\n\n\n\n            \n        <\/div>\n\n    <\/article>\n\n    <article class=\"bde-loop-item ee-post swiper-slide\">\n                                <a class=\"bde-loop-item__image-link ee-post-image-link\" href=\"https:\/\/serviceshop.a.aedlab.nl\/be-fr\/klantverhaal\/philadelphia-zorg-versterkt-veiligheid-met-een-toekomstbestendige-aed-aanpak\/\" aria-label=\"Le district hospitalier de Philadelphie renforce la s\u00e9curit\u00e9 gr\u00e2ce \u00e0 une approche des DAE tourn\u00e9e vers l&#039;avenir\">\n                <div class=\"bde-loop-item__image ee-post-image\">\n                    <img loading=\"lazy\" decoding=\"async\" width=\"1200\" height=\"1071\" src=\"https:\/\/serviceshop.a.aedlab.nl\/wp-content\/uploads\/2026\/05\/Klantverhaal-Philadelphia-Zorg.jpg\" class=\"attachment-full size-full wp-post-image\" alt=\"\" srcset=\"https:\/\/serviceshop.a.aedlab.nl\/wp-content\/uploads\/2026\/05\/Klantverhaal-Philadelphia-Zorg.jpg 1200w, https:\/\/serviceshop.a.aedlab.nl\/wp-content\/uploads\/2026\/05\/Klantverhaal-Philadelphia-Zorg-300x268.jpg 300w, https:\/\/serviceshop.a.aedlab.nl\/wp-content\/uploads\/2026\/05\/Klantverhaal-Philadelphia-Zorg-1024x914.jpg 1024w, https:\/\/serviceshop.a.aedlab.nl\/wp-content\/uploads\/2026\/05\/Klantverhaal-Philadelphia-Zorg-768x685.jpg 768w, https:\/\/serviceshop.a.aedlab.nl\/wp-content\/uploads\/2026\/05\/Klantverhaal-Philadelphia-Zorg-13x12.jpg 13w\" sizes=\"auto, (max-width: 1200px) 100vw, 1200px\" \/>                <\/div>\n            <\/a>\n        \n        \n        <div class=\"bde-loop-item__wrap ee-post-wrap\">\n            \n                            <h3 class=\"ee-post-title\">\n                    <a class=\"bde-loop-item__title-link ee-post-title-link\" href=\"https:\/\/serviceshop.a.aedlab.nl\/be-fr\/klantverhaal\/philadelphia-zorg-versterkt-veiligheid-met-een-toekomstbestendige-aed-aanpak\/\" >\n                        Le district hospitalier de Philadelphie renforce la s\u00e9curit\u00e9 gr\u00e2ce \u00e0 une approche des DAE tourn\u00e9e vers l'avenir                    <\/a>\n                <\/h3>\n                            <div class=\"bde-loop-item__post-meta ee-post-meta\">\n                    \n                <\/div>\n            \n    \n                        \n                        \n    \n    \n    \n    \n            \n                    \n            \n            \n\n    \n    \n    \n    \n    \n    <a class=\"breakdance-link button-atom button-atom--custom bde-loop-item__button ee-post-button\" href=\"https:\/\/serviceshop.a.aedlab.nl\/be-fr\/klantverhaal\/philadelphia-zorg-versterkt-veiligheid-met-een-toekomstbestendige-aed-aanpak\/\" target=\"_self\" data-type=\"\"  >\n\n    \n        <span class=\"button-atom__text\">Lire l'histoire du client<\/span>\n\n                            \n        \n                <\/a>\n\n    \n\n\n\n\n            \n        <\/div>\n\n    <\/article>\n\n    <article class=\"bde-loop-item ee-post swiper-slide\">\n                                <a class=\"bde-loop-item__image-link ee-post-image-link\" href=\"https:\/\/serviceshop.a.aedlab.nl\/be-fr\/klantverhaal\/krachten-gebundeld-voor-optimale-bedrijfsveiligheid\/\" aria-label=\"Forces unies pour une s\u00e9curit\u00e9 optimale de l&#039;entreprise\">\n                <div class=\"bde-loop-item__image ee-post-image\">\n                    <img loading=\"lazy\" decoding=\"async\" width=\"2560\" height=\"1706\" src=\"https:\/\/serviceshop.a.aedlab.nl\/wp-content\/uploads\/2026\/06\/KLS-VandenBerg-krachtengebundeld-voor-optimale-bedrijfsveiligheid-scaled.jpg\" class=\"attachment-full size-full wp-post-image\" alt=\"KLS Van den berg et AED-Partner signent un accord de partenariat\" srcset=\"https:\/\/serviceshop.a.aedlab.nl\/wp-content\/uploads\/2026\/06\/KLS-VandenBerg-krachtengebundeld-voor-optimale-bedrijfsveiligheid-scaled.jpg 2560w, https:\/\/serviceshop.a.aedlab.nl\/wp-content\/uploads\/2026\/06\/KLS-VandenBerg-krachtengebundeld-voor-optimale-bedrijfsveiligheid-300x200.jpg 300w, https:\/\/serviceshop.a.aedlab.nl\/wp-content\/uploads\/2026\/06\/KLS-VandenBerg-krachtengebundeld-voor-optimale-bedrijfsveiligheid-1024x683.jpg 1024w, https:\/\/serviceshop.a.aedlab.nl\/wp-content\/uploads\/2026\/06\/KLS-VandenBerg-krachtengebundeld-voor-optimale-bedrijfsveiligheid-768x512.jpg 768w, https:\/\/serviceshop.a.aedlab.nl\/wp-content\/uploads\/2026\/06\/KLS-VandenBerg-krachtengebundeld-voor-optimale-bedrijfsveiligheid-1536x1024.jpg 1536w, https:\/\/serviceshop.a.aedlab.nl\/wp-content\/uploads\/2026\/06\/KLS-VandenBerg-krachtengebundeld-voor-optimale-bedrijfsveiligheid-2048x1365.jpg 2048w, https:\/\/serviceshop.a.aedlab.nl\/wp-content\/uploads\/2026\/06\/KLS-VandenBerg-krachtengebundeld-voor-optimale-bedrijfsveiligheid-18x12.jpg 18w\" sizes=\"auto, (max-width: 2560px) 100vw, 2560px\" \/>                <\/div>\n            <\/a>\n        \n        \n        <div class=\"bde-loop-item__wrap ee-post-wrap\">\n            \n                            <h3 class=\"ee-post-title\">\n                    <a class=\"bde-loop-item__title-link ee-post-title-link\" href=\"https:\/\/serviceshop.a.aedlab.nl\/be-fr\/klantverhaal\/krachten-gebundeld-voor-optimale-bedrijfsveiligheid\/\" >\n                        Forces unies pour une s\u00e9curit\u00e9 optimale de l'entreprise                    <\/a>\n                <\/h3>\n                            <div class=\"bde-loop-item__post-meta ee-post-meta\">\n                    \n                <\/div>\n            \n    \n                        \n                        \n    \n    \n    \n    \n            \n                    \n            \n            \n\n    \n    \n    \n    \n    \n    <a class=\"breakdance-link button-atom button-atom--custom bde-loop-item__button ee-post-button\" href=\"https:\/\/serviceshop.a.aedlab.nl\/be-fr\/klantverhaal\/krachten-gebundeld-voor-optimale-bedrijfsveiligheid\/\" target=\"_self\" data-type=\"\"  >\n\n    \n        <span class=\"button-atom__text\">Lire l'histoire du client<\/span>\n\n                            \n        \n                <\/a>\n\n    \n\n\n\n\n            \n        <\/div>\n\n    <\/article>\n\n    <article class=\"bde-loop-item ee-post swiper-slide\">\n                                <a class=\"bde-loop-item__image-link ee-post-image-link\" href=\"https:\/\/serviceshop.a.aedlab.nl\/be-fr\/klantverhaal\/een-nieuwe-aed-voor-het-ronald-mcdonald-boshuus-in-arnhem\/\" aria-label=\"Un nouvel DAE pour le Ronald McDonald Boshuus \u00e0 Arnhem\">\n                <div class=\"bde-loop-item__image ee-post-image\">\n                    <img loading=\"lazy\" decoding=\"async\" width=\"1200\" height=\"898\" src=\"https:\/\/serviceshop.a.aedlab.nl\/wp-content\/uploads\/2026\/04\/AED-Partner-Ronald-McDonald-Boshuus.jpg\" class=\"attachment-full size-full wp-post-image\" alt=\"Un employ\u00e9 d&#039;AED-Partner remet un DEA au Ronald McDonald Boshuus\" srcset=\"https:\/\/serviceshop.a.aedlab.nl\/wp-content\/uploads\/2026\/04\/AED-Partner-Ronald-McDonald-Boshuus.jpg 1200w, https:\/\/serviceshop.a.aedlab.nl\/wp-content\/uploads\/2026\/04\/AED-Partner-Ronald-McDonald-Boshuus-300x225.jpg 300w, https:\/\/serviceshop.a.aedlab.nl\/wp-content\/uploads\/2026\/04\/AED-Partner-Ronald-McDonald-Boshuus-1024x766.jpg 1024w, https:\/\/serviceshop.a.aedlab.nl\/wp-content\/uploads\/2026\/04\/AED-Partner-Ronald-McDonald-Boshuus-768x575.jpg 768w, https:\/\/serviceshop.a.aedlab.nl\/wp-content\/uploads\/2026\/04\/AED-Partner-Ronald-McDonald-Boshuus-16x12.jpg 16w\" sizes=\"auto, (max-width: 1200px) 100vw, 1200px\" \/>                <\/div>\n            <\/a>\n        \n        \n        <div class=\"bde-loop-item__wrap ee-post-wrap\">\n            \n                            <h3 class=\"ee-post-title\">\n                    <a class=\"bde-loop-item__title-link ee-post-title-link\" href=\"https:\/\/serviceshop.a.aedlab.nl\/be-fr\/klantverhaal\/een-nieuwe-aed-voor-het-ronald-mcdonald-boshuus-in-arnhem\/\" >\n                        Un nouvel DAE pour le Ronald McDonald Boshuus \u00e0 Arnhem                    <\/a>\n                <\/h3>\n                            <div class=\"bde-loop-item__post-meta ee-post-meta\">\n                    \n                <\/div>\n            \n    \n                        \n                        \n    \n    \n    \n    \n            \n                    \n            \n            \n\n    \n    \n    \n    \n    \n    <a class=\"breakdance-link button-atom button-atom--custom bde-loop-item__button ee-post-button\" href=\"https:\/\/serviceshop.a.aedlab.nl\/be-fr\/klantverhaal\/een-nieuwe-aed-voor-het-ronald-mcdonald-boshuus-in-arnhem\/\" target=\"_self\" data-type=\"\"  >\n\n    \n        <span class=\"button-atom__text\">Lire l'histoire du client<\/span>\n\n                            \n        \n                <\/a>\n\n    \n\n\n\n\n            \n        <\/div>\n\n    <\/article>\n\n    <article class=\"bde-loop-item ee-post swiper-slide\">\n                                <a class=\"bde-loop-item__image-link ee-post-image-link\" href=\"https:\/\/serviceshop.a.aedlab.nl\/be-fr\/klantverhaal\/sint-gummaruscollege-kiest-voor-zekerheid-met-de-mindray-c1a\/\" aria-label=\"Le Sint-Gummaruscollege opte pour la s\u00e9curit\u00e9 avec le Mindray C1A\">\n                <div class=\"bde-loop-item__image ee-post-image\">\n                    <img loading=\"lazy\" decoding=\"async\" width=\"872\" height=\"536\" src=\"https:\/\/serviceshop.a.aedlab.nl\/wp-content\/uploads\/2026\/04\/Sint-Gummaruscollege.png\" class=\"attachment-full size-full wp-post-image\" alt=\"Formation de r\u00e9animation pour le personnel du Sint-Gummaruscollege\" srcset=\"https:\/\/serviceshop.a.aedlab.nl\/wp-content\/uploads\/2026\/04\/Sint-Gummaruscollege.png 872w, https:\/\/serviceshop.a.aedlab.nl\/wp-content\/uploads\/2026\/04\/Sint-Gummaruscollege-300x184.png 300w, https:\/\/serviceshop.a.aedlab.nl\/wp-content\/uploads\/2026\/04\/Sint-Gummaruscollege-768x472.png 768w, https:\/\/serviceshop.a.aedlab.nl\/wp-content\/uploads\/2026\/04\/Sint-Gummaruscollege-18x12.png 18w\" sizes=\"auto, (max-width: 872px) 100vw, 872px\" \/>                <\/div>\n            <\/a>\n        \n        \n        <div class=\"bde-loop-item__wrap ee-post-wrap\">\n            \n                            <h3 class=\"ee-post-title\">\n                    <a class=\"bde-loop-item__title-link ee-post-title-link\" href=\"https:\/\/serviceshop.a.aedlab.nl\/be-fr\/klantverhaal\/sint-gummaruscollege-kiest-voor-zekerheid-met-de-mindray-c1a\/\" >\n                        Le Sint-Gummaruscollege opte pour la s\u00e9curit\u00e9 avec le Mindray C1A                    <\/a>\n                <\/h3>\n                            <div class=\"bde-loop-item__post-meta ee-post-meta\">\n                    \n                <\/div>\n            \n    \n                        \n                        \n    \n    \n    \n    \n            \n                    \n            \n            \n\n    \n    \n    \n    \n    \n    <a class=\"breakdance-link button-atom button-atom--custom bde-loop-item__button ee-post-button\" href=\"https:\/\/serviceshop.a.aedlab.nl\/be-fr\/klantverhaal\/sint-gummaruscollege-kiest-voor-zekerheid-met-de-mindray-c1a\/\" target=\"_self\" data-type=\"\"  >\n\n    \n        <span class=\"button-atom__text\">Lire l'histoire du client<\/span>\n\n                            \n        \n                <\/a>\n\n    \n\n\n\n\n            \n        <\/div>\n\n    <\/article>\n\n    <article class=\"bde-loop-item ee-post swiper-slide\">\n                                <a class=\"bde-loop-item__image-link ee-post-image-link\" href=\"https:\/\/serviceshop.a.aedlab.nl\/be-fr\/klantverhaal\/veiligheid-als-vanzelfsprekend-onderdeel-van-het-werkproces-bij-pedeo-hogedrukgieterij\/\" aria-label=\"La s\u00e9curit\u00e9 comme \u00e9l\u00e9ment naturel du processus de travail chez Pedeo Hogedrukgieterij\">\n                <div class=\"bde-loop-item__image ee-post-image\">\n                    <img loading=\"lazy\" decoding=\"async\" width=\"1408\" height=\"1036\" src=\"https:\/\/serviceshop.a.aedlab.nl\/wp-content\/uploads\/2026\/04\/klein-Pedeo-Hogedrukgieterij.png\" class=\"attachment-full size-full wp-post-image\" alt=\"Employ\u00e9 de Pedeo pose avec leur DEA\" srcset=\"https:\/\/serviceshop.a.aedlab.nl\/wp-content\/uploads\/2026\/04\/klein-Pedeo-Hogedrukgieterij.png 1408w, https:\/\/serviceshop.a.aedlab.nl\/wp-content\/uploads\/2026\/04\/klein-Pedeo-Hogedrukgieterij-300x221.png 300w, https:\/\/serviceshop.a.aedlab.nl\/wp-content\/uploads\/2026\/04\/klein-Pedeo-Hogedrukgieterij-1024x753.png 1024w, https:\/\/serviceshop.a.aedlab.nl\/wp-content\/uploads\/2026\/04\/klein-Pedeo-Hogedrukgieterij-768x565.png 768w, https:\/\/serviceshop.a.aedlab.nl\/wp-content\/uploads\/2026\/04\/klein-Pedeo-Hogedrukgieterij-16x12.png 16w\" sizes=\"auto, (max-width: 1408px) 100vw, 1408px\" \/>                <\/div>\n            <\/a>\n        \n        \n        <div class=\"bde-loop-item__wrap ee-post-wrap\">\n            \n                            <h3 class=\"ee-post-title\">\n                    <a class=\"bde-loop-item__title-link ee-post-title-link\" href=\"https:\/\/serviceshop.a.aedlab.nl\/be-fr\/klantverhaal\/veiligheid-als-vanzelfsprekend-onderdeel-van-het-werkproces-bij-pedeo-hogedrukgieterij\/\" >\n                        La s\u00e9curit\u00e9 comme \u00e9l\u00e9ment naturel du processus de travail chez Pedeo Hogedrukgieterij                    <\/a>\n                <\/h3>\n                            <div class=\"bde-loop-item__post-meta ee-post-meta\">\n                    \n                <\/div>\n            \n    \n                        \n                        \n    \n    \n    \n    \n            \n                    \n            \n            \n\n    \n    \n    \n    \n    \n    <a class=\"breakdance-link button-atom button-atom--custom bde-loop-item__button ee-post-button\" href=\"https:\/\/serviceshop.a.aedlab.nl\/be-fr\/klantverhaal\/veiligheid-als-vanzelfsprekend-onderdeel-van-het-werkproces-bij-pedeo-hogedrukgieterij\/\" target=\"_self\" data-type=\"\"  >\n\n    \n        <span class=\"button-atom__text\">Lire l'histoire du client<\/span>\n\n                            \n        \n                <\/a>\n\n    \n\n\n\n\n            \n        <\/div>\n\n    <\/article>\n\n    <article class=\"bde-loop-item ee-post swiper-slide\">\n                                <a class=\"bde-loop-item__image-link ee-post-image-link\" href=\"https:\/\/serviceshop.a.aedlab.nl\/be-fr\/klantverhaal\/stichting-eindhoven-hartveilig\/\" aria-label=\"Stichting Eindhoven Hartveilig \u2013 Nous travaillons \u00e0 un environnement de vie s\u00fbr\">\n                <div class=\"bde-loop-item__image ee-post-image\">\n                    <img loading=\"lazy\" decoding=\"async\" width=\"2084\" height=\"1390\" src=\"https:\/\/serviceshop.a.aedlab.nl\/wp-content\/uploads\/2025\/10\/AED-Partner_PowerheartG5.jpg\" class=\"attachment-full size-full wp-post-image\" alt=\"Femme avec DEA Powerheart G5 fait du v\u00e9lo vers une situation m\u00e9dicale plus loin\" srcset=\"https:\/\/serviceshop.a.aedlab.nl\/wp-content\/uploads\/2025\/10\/AED-Partner_PowerheartG5.jpg 2084w, https:\/\/serviceshop.a.aedlab.nl\/wp-content\/uploads\/2025\/10\/AED-Partner_PowerheartG5-300x200.jpg 300w, https:\/\/serviceshop.a.aedlab.nl\/wp-content\/uploads\/2025\/10\/AED-Partner_PowerheartG5-1024x683.jpg 1024w, https:\/\/serviceshop.a.aedlab.nl\/wp-content\/uploads\/2025\/10\/AED-Partner_PowerheartG5-768x512.jpg 768w, https:\/\/serviceshop.a.aedlab.nl\/wp-content\/uploads\/2025\/10\/AED-Partner_PowerheartG5-1536x1024.jpg 1536w, https:\/\/serviceshop.a.aedlab.nl\/wp-content\/uploads\/2025\/10\/AED-Partner_PowerheartG5-2048x1366.jpg 2048w\" sizes=\"auto, (max-width: 2084px) 100vw, 2084px\" \/>                <\/div>\n            <\/a>\n        \n        \n        <div class=\"bde-loop-item__wrap ee-post-wrap\">\n            \n                            <h3 class=\"ee-post-title\">\n                    <a class=\"bde-loop-item__title-link ee-post-title-link\" href=\"https:\/\/serviceshop.a.aedlab.nl\/be-fr\/klantverhaal\/stichting-eindhoven-hartveilig\/\" >\n                        Stichting Eindhoven Hartveilig \u2013 Nous travaillons \u00e0 un environnement de vie s\u00fbr                    <\/a>\n                <\/h3>\n                            <div class=\"bde-loop-item__post-meta ee-post-meta\">\n                    \n                <\/div>\n            \n    \n                        \n                        \n    \n    \n    \n    \n            \n                    \n            \n            \n\n    \n    \n    \n    \n    \n    <a class=\"breakdance-link button-atom button-atom--custom bde-loop-item__button ee-post-button\" href=\"https:\/\/serviceshop.a.aedlab.nl\/be-fr\/klantverhaal\/stichting-eindhoven-hartveilig\/\" target=\"_self\" data-type=\"\"  >\n\n    \n        <span class=\"button-atom__text\">Lire l'histoire du client<\/span>\n\n                            \n        \n                <\/a>\n\n    \n\n\n\n\n            \n        <\/div>\n\n    <\/article>\n\n    <article class=\"bde-loop-item ee-post swiper-slide\">\n                                <a class=\"bde-loop-item__image-link ee-post-image-link\" href=\"https:\/\/serviceshop.a.aedlab.nl\/be-fr\/klantverhaal\/europese-school-mol\/\" aria-label=\"\u00c9cole Europ\u00e9enne de Mol : la s\u00e9curit\u00e9 cardiaque comme priorit\u00e9\">\n                <div class=\"bde-loop-item__image ee-post-image\">\n                    <img loading=\"lazy\" decoding=\"async\" width=\"1600\" height=\"1374\" src=\"https:\/\/serviceshop.a.aedlab.nl\/wp-content\/uploads\/2025\/12\/Europese-school-2.jpg\" class=\"attachment-full size-full wp-post-image\" alt=\"AED in kast aan muur bij Europese School Mol\" srcset=\"https:\/\/serviceshop.a.aedlab.nl\/wp-content\/uploads\/2025\/12\/Europese-school-2.jpg 1600w, https:\/\/serviceshop.a.aedlab.nl\/wp-content\/uploads\/2025\/12\/Europese-school-2-300x258.jpg 300w, https:\/\/serviceshop.a.aedlab.nl\/wp-content\/uploads\/2025\/12\/Europese-school-2-1024x879.jpg 1024w, https:\/\/serviceshop.a.aedlab.nl\/wp-content\/uploads\/2025\/12\/Europese-school-2-768x660.jpg 768w, https:\/\/serviceshop.a.aedlab.nl\/wp-content\/uploads\/2025\/12\/Europese-school-2-1536x1319.jpg 1536w, https:\/\/serviceshop.a.aedlab.nl\/wp-content\/uploads\/2025\/12\/Europese-school-2-14x12.jpg 14w\" sizes=\"auto, (max-width: 1600px) 100vw, 1600px\" \/>                <\/div>\n            <\/a>\n        \n        \n        <div class=\"bde-loop-item__wrap ee-post-wrap\">\n            \n                            <h3 class=\"ee-post-title\">\n                    <a class=\"bde-loop-item__title-link ee-post-title-link\" href=\"https:\/\/serviceshop.a.aedlab.nl\/be-fr\/klantverhaal\/europese-school-mol\/\" >\n                        \u00c9cole Europ\u00e9enne de Mol : la s\u00e9curit\u00e9 cardiaque comme priorit\u00e9                    <\/a>\n                <\/h3>\n                            <div class=\"bde-loop-item__post-meta ee-post-meta\">\n                    \n                <\/div>\n            \n    \n                        \n                        \n    \n    \n    \n    \n            \n                    \n            \n            \n\n    \n    \n    \n    \n    \n    <a class=\"breakdance-link button-atom button-atom--custom bde-loop-item__button ee-post-button\" href=\"https:\/\/serviceshop.a.aedlab.nl\/be-fr\/klantverhaal\/europese-school-mol\/\" target=\"_self\" data-type=\"\"  >\n\n    \n        <span class=\"button-atom__text\">Lire l'histoire du client<\/span>\n\n                            \n        \n                <\/a>\n\n    \n\n\n\n\n            \n        <\/div>\n\n    <\/article>\n\n<\/div><\/div>\n    \n            <div class=\"swiper-pagination\"><\/div>\n    \n<\/div><\/div>\n<\/div><div class=\"bde-column-2591-185 bde-column\">\n  \n  \n\t\n\n\n\n<div class=\"bde-post-loop-2591-186 bde-post-loop\"><div class=\"breakdance-swiper-wrapper\" data-swiper-id=\"186\"><div class=\"swiper\"><div class=\"bde-loop bde-loop-slider ee-posts ee-posts-slider swiper-wrapper\">    <article class=\"bde-loop-item ee-post swiper-slide\">\n        <section class=\"bde-section-85-100-90-85-1 bde-section bde-section-85-100\">\n  \n  \n\t\n\n\n\n<div class=\"section-container\"><div class=\"bde-text-85-102-90-85-1 bde-text bde-text-85-102\">\n\u201cJ\u2019ai appel\u00e9 le service client car la batterie de DAE que j\u2019avais command\u00e9e n\u2019\u00e9tait pas encore arriv\u00e9e. Il s\u2019est av\u00e9r\u00e9 que la batterie avait \u00e9t\u00e9 envoy\u00e9e par erreur \u00e0 mon ancienne adresse. Lorsque j\u2019ai expliqu\u00e9 pourquoi j\u2019avais besoin de la batterie, AED-Partner a voulu m\u2019aider. Non seulement ils m\u2019ont apport\u00e9 ma commande \u00e0 domicile le jour m\u00eame, mais ils m\u2019ont aussi donn\u00e9 un DAE francophone \u00e0 faire don \u00e0 l\u2019un des h\u00f4pitaux. Fabuleux !\u201d\n<\/div><div class=\"bde-div-85-105-90-85-1 bde-div bde-div-85-105\">\n  \n  \n\t\n\n\n\n<div class=\"bde-text-85-103-90-85-1 bde-text bde-text-85-103\">\n Harrie van der Velde\n<\/div><div class=\"bde-text-85-104-90-85-1 bde-text bde-text-85-104\">\nPropri\u00e9taire Human Care Weert\n<\/div>\n<\/div><\/div>\n<\/section>    <\/article>\n    <article class=\"bde-loop-item ee-post swiper-slide\">\n        <section class=\"bde-section-85-100-91-85-1 bde-section bde-section-85-100\">\n  \n  \n\t\n\n\n\n<div class=\"section-container\"><div class=\"bde-text-85-102-91-85-1 bde-text bde-text-85-102\">\n\u201cLa collaboration avec AED-Partner se d\u00e9roule \u00e0 merveille. Lors de l'achat de nos 15 Cardiac Science Powerheart G5, nos employ\u00e9s ont re\u00e7u une formation claire et pratique, leur permettant de comprendre parfaitement le fonctionnement des appareils. Nous disposons d\u00e9sormais de 15 DAE au sein de l'entreprise. R\u00e9cemment, nous avons remplac\u00e9 cinq appareils apr\u00e8s l'expiration de leur p\u00e9riode de garantie \u2013 nous avons d\u00e9lib\u00e9r\u00e9ment choisi \u00e0 nouveau le m\u00eame mod\u00e8le fiable.\u201d\n<\/div><div class=\"bde-div-85-105-91-85-1 bde-div bde-div-85-105\">\n  \n  \n\t\n\n\n\n<div class=\"bde-text-85-103-91-85-1 bde-text bde-text-85-103\">\nKristin Milio\n<\/div><div class=\"bde-text-85-104-91-85-1 bde-text bde-text-85-104\">\nInfirmier d'entreprise Bayer Agriculture Anvers\n<\/div>\n<\/div><\/div>\n<\/section>    <\/article>\n    <article class=\"bde-loop-item ee-post swiper-slide\">\n        <section class=\"bde-section-85-100-103-85-1 bde-section bde-section-85-100\">\n  \n  \n\t\n\n\n\n<div class=\"section-container\"><div class=\"bde-text-85-102-103-85-1 bde-text bde-text-85-102\">\n\u201cLes DAE que nous louons \u00e0 nos propres entreprises de construction sont plac\u00e9s dans des fourgons, des unit\u00e9s et des conteneurs de premiers secours sp\u00e9ciaux, mais sont parfois aussi suspendus \u00e0 l'ext\u00e9rieur dans des conditions m\u00e9t\u00e9orologiques difficiles sur les chantiers. Quelle que soit la situation, nous voulons que nos DAE soient toujours pr\u00eats \u00e0 l'emploi. C'est pourquoi nous commandons chez AED-Partner depuis plus de 10 ans.\u201d\n<\/div><div class=\"bde-div-85-105-103-85-1 bde-div bde-div-85-105\">\n  \n  \n\t\n\n\n\n<div class=\"bde-text-85-103-103-85-1 bde-text bde-text-85-103\">\nGert de Hoop\n<\/div><div class=\"bde-text-85-104-103-85-1 bde-text bde-text-85-104\">\nGestion du mat\u00e9riel chez VolkerWessels Mat\u00e9riel &amp; Logistique\n<\/div>\n<\/div><\/div>\n<\/section>    <\/article>\n    <article class=\"bde-loop-item ee-post swiper-slide\">\n        <section class=\"bde-section-85-100-104-85-1 bde-section bde-section-85-100\">\n  \n  \n\t\n\n\n\n<div class=\"section-container\"><div class=\"bde-text-85-102-104-85-1 bde-text bde-text-85-102\">\n\u201cImm\u00e9diatement apr\u00e8s notre accord sur le devis, la conseill\u00e8re du service client nous a appel\u00e9s pour dire \u2018 Merci, c'est super ! \u2019 et elle s'est occup\u00e9e de tout dans les moindres d\u00e9tails. Entre-temps, nos nouveaux DAE Mindray sont arriv\u00e9s et nous sommes en train de les installer. Ce qui est bien, c'est que nous pouvons r\u00e9utiliser les poign\u00e9es de transport des anciens DAE ; les nouveaux DAE s'adaptent parfaitement, sac de transport inclus.\u201d\n<\/div><div class=\"bde-div-85-105-104-85-1 bde-div bde-div-85-105\">\n  \n  \n\t\n\n\n\n<div class=\"bde-text-85-103-104-85-1 bde-text bde-text-85-103\">\nNico Boerman\n<\/div><div class=\"bde-text-85-104-104-85-1 bde-text bde-text-85-104\">\nResponsable S\u00e9curit\u00e9 et Secourisme en entreprise chez Technische Unie\n<\/div>\n<\/div><\/div>\n<\/section>    <\/article>\n    <article class=\"bde-loop-item ee-post swiper-slide\">\n        <section class=\"bde-section-85-100-105-85-1 bde-section bde-section-85-100\">\n  \n  \n\t\n\n\n\n<div class=\"section-container\"><div class=\"bde-text-85-102-105-85-1 bde-text bde-text-85-102\">\n\u201cAu parc national De Hoge Veluwe, la s\u00e9curit\u00e9 de nos visiteurs est tr\u00e8s importante pour nous. Nous aimerions qu'un DAE soit disponible partout o\u00f9 le public peut acc\u00e9der. C'est un d\u00e9fi pour un parc de 5 400 hectares. C'est pourquoi nous avons fait installer 6 DAE suppl\u00e9mentaires dans les installations ext\u00e9rieures.\u201d\n<\/div><div class=\"bde-div-85-105-105-85-1 bde-div bde-div-85-105\">\n  \n  \n\t\n\n\n\n<div class=\"bde-text-85-103-105-85-1 bde-text bde-text-85-103\">\nG\u00e9rard van Voorst\n<\/div><div class=\"bde-text-85-104-105-85-1 bde-text bde-text-85-104\">\nResponsable du plan d'urgence au Parc national De Hoge Veluwe\n<\/div>\n<\/div><\/div>\n<\/section>    <\/article>\n    <article class=\"bde-loop-item ee-post swiper-slide\">\n        <section class=\"bde-section-85-100-1989-85-1 bde-section bde-section-85-100\">\n  \n  \n\t\n\n\n\n<div class=\"section-container\"><div class=\"bde-text-85-102-1989-85-1 bde-text bde-text-85-102\">\n\u201cR\u00e9cemment, nous avons pu faire un beau pas en avant en mati\u00e8re de s\u00e9curit\u00e9 sur le lieu de travail dans notre entrep\u00f4t : dans notre coin caf\u00e9, outre la trousse de premiers secours, il y a maintenant aussi un DAE (D\u00e9fibrillateur Automatis\u00e9 Externe). Bien en vue, afin que chacun puisse le prendre rapidement si n\u00e9cessaire. Pour nous, en tant que fondation, il est d'autant plus sp\u00e9cial que le DAE nous ait \u00e9t\u00e9 offert en cadeau. Merci beaucoup !\u2018\n<\/div><div class=\"bde-div-85-105-1989-85-1 bde-div bde-div-85-105\">\n  \n  \n\t\n\n\n\n<div class=\"bde-text-85-103-1989-85-1 bde-text bde-text-85-103\">\nAnnemieke Sindorf\n<\/div><div class=\"bde-text-85-104-1989-85-1 bde-text bde-text-85-104\">\nChef de projet Sintvoorieder1\n<\/div>\n<\/div><\/div>\n<\/section>    <\/article>\n    <article class=\"bde-loop-item ee-post swiper-slide\">\n        <section class=\"bde-section-85-100-1990-85-1 bde-section bde-section-85-100\">\n  \n  \n\t\n\n\n\n<div class=\"section-container\"><div class=\"bde-text-85-102-1990-85-1 bde-text bde-text-85-102\">\n\u201c Nous nous sommes regard\u00e9s et n'avons pas h\u00e9sit\u00e9 ! \u00c0 ce moment-l\u00e0, on ne r\u00e9fl\u00e9chit pas \u00e0 ce qu'on va trouver, on agit seulement comme on pense que c'est juste. \u201d Ivo et Bas ont couru avec le d\u00e9fibrillateur vers la victime et celui-ci a \u00e9t\u00e9 imm\u00e9diatement connect\u00e9.\u201d\n<\/div><div class=\"bde-div-85-105-1990-85-1 bde-div bde-div-85-105\">\n  \n  \n\t\n\n\n\n<div class=\"bde-text-85-103-1990-85-1 bde-text bde-text-85-103\">\nIvo et Bas, Enexis\n<\/div><div class=\"bde-text-85-104-1990-85-1 bde-text bde-text-85-104\">\nMonteurs Enexis\n<\/div>\n<\/div><\/div>\n<\/section>    <\/article>\n    <article class=\"bde-loop-item ee-post swiper-slide\">\n        <section class=\"bde-section-85-100-1991-85-1 bde-section bde-section-85-100\">\n  \n  \n\t\n\n\n\n<div class=\"section-container\"><div class=\"bde-text-85-102-1991-85-1 bde-text bde-text-85-102\">\n\u201c Je suis tr\u00e8s fier que nous ayons pu franchir cette \u00e9tape ensemble. Gr\u00e2ce aux efforts conjoints de la Fondation Philips, de la Stichting Eindhoven Hartveilig, d'AED-Partner et de nombreux b\u00e9n\u00e9voles, une base solide a \u00e9t\u00e9 \u00e9tablie pour un r\u00e9seau couvrant la ville d'Eindhoven. \u201d\n<\/div><div class=\"bde-div-85-105-1991-85-1 bde-div bde-div-85-105\">\n  \n  \n\t\n\n\n\n<div class=\"bde-text-85-103-1991-85-1 bde-text bde-text-85-103\">\nGeertje van Keulen\n<\/div><div class=\"bde-text-85-104-1991-85-1 bde-text bde-text-85-104\">\nResponsable Marketing des Canaux\n<\/div>\n<\/div><\/div>\n<\/section>    <\/article>\n    <article class=\"bde-loop-item ee-post swiper-slide\">\n        <section class=\"bde-section-85-100-1992-85-1 bde-section bde-section-85-100\">\n  \n  \n\t\n\n\n\n<div class=\"section-container\"><div class=\"bde-text-85-102-1992-85-1 bde-text bde-text-85-102\">\n\u201cAM, avec l'aide de AED-Partner, a install\u00e9 des d\u00e9fibrillateurs externes automatiques (DEA) dans ses nouveaux projets de construction, devenant ainsi le premier promoteur immobilier \u00e0 contribuer \u00e0 un r\u00e9seau national de DEA enregistr\u00e9s disponibles 24h\/24 et 7j\/7. La sant\u00e9 et une vie heureuse sont primordiales !\u201d\n<\/div><div class=\"bde-div-85-105-1992-85-1 bde-div bde-div-85-105\">\n  \n  \n\t\n\n\n\n<div class=\"bde-text-85-103-1992-85-1 bde-text bde-text-85-103\">\nMichael Haverkamp\n<\/div><div class=\"bde-text-85-104-1992-85-1 bde-text bde-text-85-104\">\nResponsable commercial chez le promoteur immobilier AM\n<\/div>\n<\/div><\/div>\n<\/section>    <\/article>\n    <article class=\"bde-loop-item ee-post swiper-slide\">\n        <section class=\"bde-section-85-100-1993-85-1 bde-section bde-section-85-100\">\n  \n  \n\t\n\n\n\n<div class=\"section-container\"><div class=\"bde-text-85-102-1993-85-1 bde-text bde-text-85-102\">\n\u201cLa collaboration avec AED-Partner se d\u00e9roule \u00e0 merveille. Lors de l'achat de nos 15 Cardiac Science Powerheart G5, nos employ\u00e9s ont re\u00e7u une formation claire et pratique, leur permettant de comprendre parfaitement le fonctionnement des appareils. Nous disposons d\u00e9sormais de 15 DAE au sein de l'entreprise. R\u00e9cemment, nous avons remplac\u00e9 cinq appareils apr\u00e8s l'expiration de leur p\u00e9riode de garantie \u2013 nous avons d\u00e9lib\u00e9r\u00e9ment choisi \u00e0 nouveau le m\u00eame mod\u00e8le fiable.\u201d\n<\/div><div class=\"bde-div-85-105-1993-85-1 bde-div bde-div-85-105\">\n  \n  \n\t\n\n\n\n<div class=\"bde-text-85-103-1993-85-1 bde-text bde-text-85-103\">\nKristin Milio\n<\/div><div class=\"bde-text-85-104-1993-85-1 bde-text bde-text-85-104\">\nInfirmier d'entreprise Bayer Agriculture Anvers\n<\/div>\n<\/div><\/div>\n<\/section>    <\/article>\n<\/div><\/div>\n            <div class=\"swiper-button-prev\">\n            <svg xmlns=\"http:\/\/www.w3.org\/2000\/svg\" id=\"Layer_1\" viewbox=\"0 0 512 512\"><ellipse cx=\"255.86\" cy=\"255.9\" rx=\"255.43\" ry=\"255.72\" style=\"fill:#fff;\"\/><path d=\"M179.2,269.21c-4.39-4.39-4.39-11.62,0-16.01l113.34-113.34c4.39-4.39,11.62-4.39,16.01,0,4.39,4.39,4.39,11.62,0,16.01l-105.34,105.34,105.34,105.34c4.39,4.39,4.39,11.62,0,16.01s-11.62,4.39-16.01,0l-113.34-113.34h0Z\" style=\"fill:#005151;\"\/><\/svg>\n        <\/div>\n        <div class=\"swiper-button-next\">\n            <svg xmlns=\"http:\/\/www.w3.org\/2000\/svg\" id=\"Layer_1\" version=\"1.1\" viewbox=\"0 0 512 512\">\r\n  <!-- Generator: Adobe Illustrator 30.2.1, SVG Export Plug-In . SVG Version: 2.1.1 Build 1)  -->\r\n  <defs>\r\n    <style>\r\n      .st0 {\r\n        fill: #005151;\r\n      }\r\n\r\n      .st1 {\r\n        fill: #fff;\r\n      }\r\n    <\/style>\r\n  <\/defs>\r\n  <ellipse class=\"st1\" cx=\"255.9\" cy=\"255.9\" rx=\"255.4\" ry=\"255.7\"\/>\r\n  <path class=\"st0\" d=\"M332.5,242.6c4.4,4.4,4.4,11.6,0,16l-113.3,113.3c-4.4,4.4-11.6,4.4-16,0-4.4-4.4-4.4-11.6,0-16l105.3-105.3-105.3-105.3c-4.4-4.4-4.4-11.6,0-16s11.6-4.4,16,0l113.3,113.3h0Z\"\/>\r\n<\/svg>\n        <\/div>\n    \n    \n<\/div>\r\n<\/div>\n<\/div><\/div><\/div>\n<\/section><section class=\"bde-section-2591-129 bde-section\">\n  \n  \n\t\n\n\n\n<div class=\"section-container\"><h3 class=\"bde-heading-2591-130 bde-heading\">\nQuestions fr\u00e9quemment pos\u00e9es\n<\/h3><div class=\"bde-post-loop-2591-146 bde-post-loop\"><div class=\"bde-loop bde-loop-grid ee-posts ee-posts-grid\">    <article class=\"bde-loop-item ee-post\">\n        <div class=\"bde-frequently-asked-questions-2803-101-3211-2803-1 bde-frequently-asked-questions bde-frequently-asked-questions-2803-101\">\n      <div class=\"bde-faq__item\">\n      <h3 class=\"bde-faq__title-tag\">\n       <button id=\"bde-faq-101-button-1\" aria-expanded=\"false\" aria-controls=\"bde-faq-101-1\" class=\"bde-faq__question js-faq-item\">\n          <span class=\"bde-faq__title\">Qu'est-ce que vous, en tant que client final, remarquez de la MDR ?<\/span>\n                           <div aria-hidden=\"true\" class=\"bde-faq__icon bde-faq__icon--inactive\">\n                                <svg xmlns=\"http:\/\/www.w3.org\/2000\/svg\" viewbox=\"0 0 384 512\"><!--! Font Awesome Pro 7.0.1 by @fontawesome - https:\/\/fontawesome.com License - https:\/\/fontawesome.com\/license (Commercial License) Copyright 2025 Fonticons, Inc. --><path fill=\"currentColor\" d=\"M180.7 363.3c6.2 6.2 16.4 6.2 22.6 0l160-160c6.2-6.2 6.2-16.4 0-22.6s-16.4-6.2-22.6 0L192 329.4 43.3 180.7c-6.2-6.2-16.4-6.2-22.6 0s-6.2 16.4 0 22.6l160 160z\"\/><\/svg>\n                            <\/div>\n         \t  <div aria-hidden=\"true\" class=\"bde-faq__icon bde-faq__icon--active\">\n                                <svg xmlns=\"http:\/\/www.w3.org\/2000\/svg\" viewbox=\"0 0 384 512\"><!--! Font Awesome Pro 7.0.1 by @fontawesome - https:\/\/fontawesome.com License - https:\/\/fontawesome.com\/license (Commercial License) Copyright 2025 Fonticons, Inc. --><path fill=\"currentColor\" d=\"M180.7 148.7c6.2-6.2 16.4-6.2 22.6 0l160 160c6.2 6.2 6.2 16.4 0 22.6s-16.4 6.2-22.6 0L192 182.6 43.3 331.3c-6.2 6.2-16.4 6.2-22.6 0s-6.2-16.4 0-22.6l160-160z\"\/><\/svg>\n                            <\/div>\n                  <\/button>\n      <\/h3>\n      <div role=\"region\" aria-labelledby=\"bde-faq-101-button-1\" id=\"bde-faq-101-1\" class=\"bde-faq__answer\">\n        <div class=\"bde-faq__answer-content\">\n            <div class=\"breakdance-rich-text-styles\">\n<p class=\"wp-block-paragraph\">Achetez-vous ou poss\u00e9dez-vous un DAE pour un usage personnel ? Alors, le MDR ne change rien. Cependant, vous constaterez que certaines marques ou certains mod\u00e8les de DAE ne sont plus en vente. Cela se produit parce que tous les produits ne r\u00e9pondent pas aux nouvelles r\u00e9glementations.<\/p>\n\n\n\n<p class=\"wp-block-paragraph\"><em>\u00c0 partir du 31 d\u00e9cembre 2027, les DAE ne pourront plus \u00eatre vendus sans certificat MDR. Si vous, en tant que client final, poss\u00e9dez un DAE avec un certificat MDD, vous pourrez continuer \u00e0 l'utiliser apr\u00e8s le 31 d\u00e9cembre 2027.<\/em><\/p>\n\n\n\n<p class=\"wp-block-paragraph\">Achetez-vous un DAE et le revendez-vous \u00e0 quelqu'un d'autre ? Alors vous vendez un dispositif m\u00e9dical. Toutes les obligations du MDR qui s'appliquent \u00e0 AED-Partner en tant que vendeur s'appliquent \u00e9galement \u00e0 vous en tant que revendeur.<\/p>\n\n\n\n<p class=\"wp-block-paragraph\">Avez-vous une question concernant votre DAE et le MDR ? Nos \u00e9quipes du <a href=\"\/be-fr\/contact\/\" type=\"link\" id=\"\/contact\">Customer Service<\/a> connaissent parfaitement les appareils et vous offrent des conseils gratuits.<\/p>\n\n\n\n<p class=\"wp-block-paragraph\"><\/p>\n<\/div>\n\n                    <\/div>\n      <\/div>\n    <\/div>\n  \n<\/div>    <\/article>\n    <article class=\"bde-loop-item ee-post\">\n        <div class=\"bde-frequently-asked-questions-2803-101-3221-2803-1 bde-frequently-asked-questions bde-frequently-asked-questions-2803-101\">\n      <div class=\"bde-faq__item\">\n      <h3 class=\"bde-faq__title-tag\">\n       <button id=\"bde-faq-101-button-1\" aria-expanded=\"false\" aria-controls=\"bde-faq-101-1\" class=\"bde-faq__question js-faq-item\">\n          <span class=\"bde-faq__title\">Comment puis-je retournerner un produit ?<\/span>\n                           <div aria-hidden=\"true\" class=\"bde-faq__icon bde-faq__icon--inactive\">\n                                <svg xmlns=\"http:\/\/www.w3.org\/2000\/svg\" viewbox=\"0 0 384 512\"><!--! Font Awesome Pro 7.0.1 by @fontawesome - https:\/\/fontawesome.com License - https:\/\/fontawesome.com\/license (Commercial License) Copyright 2025 Fonticons, Inc. --><path fill=\"currentColor\" d=\"M180.7 363.3c6.2 6.2 16.4 6.2 22.6 0l160-160c6.2-6.2 6.2-16.4 0-22.6s-16.4-6.2-22.6 0L192 329.4 43.3 180.7c-6.2-6.2-16.4-6.2-22.6 0s-6.2 16.4 0 22.6l160 160z\"\/><\/svg>\n                            <\/div>\n         \t  <div aria-hidden=\"true\" class=\"bde-faq__icon bde-faq__icon--active\">\n                                <svg xmlns=\"http:\/\/www.w3.org\/2000\/svg\" viewbox=\"0 0 384 512\"><!--! Font Awesome Pro 7.0.1 by @fontawesome - https:\/\/fontawesome.com License - https:\/\/fontawesome.com\/license (Commercial License) Copyright 2025 Fonticons, Inc. --><path fill=\"currentColor\" d=\"M180.7 148.7c6.2-6.2 16.4-6.2 22.6 0l160 160c6.2 6.2 6.2 16.4 0 22.6s-16.4 6.2-22.6 0L192 182.6 43.3 331.3c-6.2 6.2-16.4 6.2-22.6 0s-6.2-16.4 0-22.6l160-160z\"\/><\/svg>\n                            <\/div>\n                  <\/button>\n      <\/h3>\n      <div role=\"region\" aria-labelledby=\"bde-faq-101-button-1\" id=\"bde-faq-101-1\" class=\"bde-faq__answer\">\n        <div class=\"bde-faq__answer-content\">\n            <div class=\"breakdance-rich-text-styles\">\n<p class=\"wp-block-paragraph\">Vous avez achet\u00e9 un DAE ou un autre produit chez AED-Partner et vous n'\u00eates pas satisfait ? En tant que consommateur, vous disposez du droit l\u00e9gal de r\u00e9tractation pour retourner votre achat dans les 14 jours suivant sa r\u00e9ception. Pour ce faire, vous pouvez remplir notre <a href=\"\/be-fr\/retourneren\/\" data-type=\"link\" data-id=\"\/nl\/retourneren\/\">formulaire de retour<\/a> .<\/p>\n\n\n\n<p class=\"wp-block-paragraph\"><\/p>\n\n\n\n<p class=\"wp-block-paragraph\"><\/p>\n\n\n\n<p class=\"wp-block-paragraph\"><\/p>\n\n\n\n<p class=\"wp-block-paragraph\"><\/p>\n\n\n\n<p class=\"wp-block-paragraph\"><\/p>\n<\/div>\n\n                    <\/div>\n      <\/div>\n    <\/div>\n  \n<\/div>    <\/article>\n    <article class=\"bde-loop-item ee-post\">\n        <div class=\"bde-frequently-asked-questions-2803-101-4746-2803-1 bde-frequently-asked-questions bde-frequently-asked-questions-2803-101\">\n      <div class=\"bde-faq__item\">\n      <h3 class=\"bde-faq__title-tag\">\n       <button id=\"bde-faq-101-button-1\" aria-expanded=\"false\" aria-controls=\"bde-faq-101-1\" class=\"bde-faq__question js-faq-item\">\n          <span class=\"bde-faq__title\">Un DAE d'entra\u00eenement peut-il donner un vrai choc ?<\/span>\n                           <div aria-hidden=\"true\" class=\"bde-faq__icon bde-faq__icon--inactive\">\n                                <svg xmlns=\"http:\/\/www.w3.org\/2000\/svg\" viewbox=\"0 0 384 512\"><!--! Font Awesome Pro 7.0.1 by @fontawesome - https:\/\/fontawesome.com License - https:\/\/fontawesome.com\/license (Commercial License) Copyright 2025 Fonticons, Inc. --><path fill=\"currentColor\" d=\"M180.7 363.3c6.2 6.2 16.4 6.2 22.6 0l160-160c6.2-6.2 6.2-16.4 0-22.6s-16.4-6.2-22.6 0L192 329.4 43.3 180.7c-6.2-6.2-16.4-6.2-22.6 0s-6.2 16.4 0 22.6l160 160z\"\/><\/svg>\n                            <\/div>\n         \t  <div aria-hidden=\"true\" class=\"bde-faq__icon bde-faq__icon--active\">\n                                <svg xmlns=\"http:\/\/www.w3.org\/2000\/svg\" viewbox=\"0 0 384 512\"><!--! Font Awesome Pro 7.0.1 by @fontawesome - https:\/\/fontawesome.com License - https:\/\/fontawesome.com\/license (Commercial License) Copyright 2025 Fonticons, Inc. --><path fill=\"currentColor\" d=\"M180.7 148.7c6.2-6.2 16.4-6.2 22.6 0l160 160c6.2 6.2 6.2 16.4 0 22.6s-16.4 6.2-22.6 0L192 182.6 43.3 331.3c-6.2 6.2-16.4 6.2-22.6 0s-6.2-16.4 0-22.6l160-160z\"\/><\/svg>\n                            <\/div>\n                  <\/button>\n      <\/h3>\n      <div role=\"region\" aria-labelledby=\"bde-faq-101-button-1\" id=\"bde-faq-101-1\" class=\"bde-faq__answer\">\n        <div class=\"bde-faq__answer-content\">\n            <div class=\"breakdance-rich-text-styles\">\n<p class=\"wp-block-paragraph\">Un DAE d'entra\u00eenement est destin\u00e9 \u00e0 la formation et ne peut jamais d\u00e9livrer de choc \u00e9lectrique r\u00e9el. Cela permet aux participants de s'entra\u00eener \u00e0 la r\u00e9animation et \u00e0 l'utilisation d'un DAE de mani\u00e8re r\u00e9aliste et s\u00fbre.<\/p>\n\n\n\n<p class=\"wp-block-paragraph\"><\/p>\n<\/div>\n\n                    <\/div>\n      <\/div>\n    <\/div>\n  \n<\/div>    <\/article>\n    <article class=\"bde-loop-item ee-post\">\n        <div class=\"bde-frequently-asked-questions-2803-101-4888-2803-1 bde-frequently-asked-questions bde-frequently-asked-questions-2803-101\">\n      <div class=\"bde-faq__item\">\n      <h3 class=\"bde-faq__title-tag\">\n       <button id=\"bde-faq-101-button-1\" aria-expanded=\"false\" aria-controls=\"bde-faq-101-1\" class=\"bde-faq__question js-faq-item\">\n          <span class=\"bde-faq__title\">Comment conserver au mieux un mannequin de r\u00e9animation ?<\/span>\n                           <div aria-hidden=\"true\" class=\"bde-faq__icon bde-faq__icon--inactive\">\n                                <svg xmlns=\"http:\/\/www.w3.org\/2000\/svg\" viewbox=\"0 0 384 512\"><!--! Font Awesome Pro 7.0.1 by @fontawesome - https:\/\/fontawesome.com License - https:\/\/fontawesome.com\/license (Commercial License) Copyright 2025 Fonticons, Inc. --><path fill=\"currentColor\" d=\"M180.7 363.3c6.2 6.2 16.4 6.2 22.6 0l160-160c6.2-6.2 6.2-16.4 0-22.6s-16.4-6.2-22.6 0L192 329.4 43.3 180.7c-6.2-6.2-16.4-6.2-22.6 0s-6.2 16.4 0 22.6l160 160z\"\/><\/svg>\n                            <\/div>\n         \t  <div aria-hidden=\"true\" class=\"bde-faq__icon bde-faq__icon--active\">\n                                <svg xmlns=\"http:\/\/www.w3.org\/2000\/svg\" viewbox=\"0 0 384 512\"><!--! Font Awesome Pro 7.0.1 by @fontawesome - https:\/\/fontawesome.com License - https:\/\/fontawesome.com\/license (Commercial License) Copyright 2025 Fonticons, Inc. --><path fill=\"currentColor\" d=\"M180.7 148.7c6.2-6.2 16.4-6.2 22.6 0l160 160c6.2 6.2 6.2 16.4 0 22.6s-16.4 6.2-22.6 0L192 182.6 43.3 331.3c-6.2 6.2-16.4 6.2-22.6 0s-6.2-16.4 0-22.6l160-160z\"\/><\/svg>\n                            <\/div>\n                  <\/button>\n      <\/h3>\n      <div role=\"region\" aria-labelledby=\"bde-faq-101-button-1\" id=\"bde-faq-101-1\" class=\"bde-faq__answer\">\n        <div class=\"bde-faq__answer-content\">\n            <div class=\"breakdance-rich-text-styles\">\n<p class=\"wp-block-paragraph\">Pour une utilisation durable d'un mannequin de r\u00e9animation ou d'\u00e9touffement, il est important de toujours le ranger en toute s\u00e9curit\u00e9 et de le transporter \u00e0 l'abri. Assurez-vous que le mannequin est conserv\u00e9 au sec, \u00e0 l'abri de la poussi\u00e8re et \u00e0 temp\u00e9rature ambiante, par exemple en le rangeant dans un sac ou une mallette sp\u00e9ciale. Il est \u00e9galement important de ne pas placer d'objets lourds sur le mannequin. Vous \u00e9viterez ainsi que le mannequin ne soit endommag\u00e9.<\/p>\n<\/div>\n\n                    <\/div>\n      <\/div>\n    <\/div>\n  \n<\/div>    <\/article>\n    <article class=\"bde-loop-item ee-post\">\n        <div class=\"bde-frequently-asked-questions-2803-101-4984-2803-1 bde-frequently-asked-questions bde-frequently-asked-questions-2803-101\">\n      <div class=\"bde-faq__item\">\n      <h3 class=\"bde-faq__title-tag\">\n       <button id=\"bde-faq-101-button-1\" aria-expanded=\"false\" aria-controls=\"bde-faq-101-1\" class=\"bde-faq__question js-faq-item\">\n          <span class=\"bde-faq__title\">Quels accessoires avez-vous besoin pour une formation de r\u00e9animation ?<\/span>\n                           <div aria-hidden=\"true\" class=\"bde-faq__icon bde-faq__icon--inactive\">\n                                <svg xmlns=\"http:\/\/www.w3.org\/2000\/svg\" viewbox=\"0 0 384 512\"><!--! Font Awesome Pro 7.0.1 by @fontawesome - https:\/\/fontawesome.com License - https:\/\/fontawesome.com\/license (Commercial License) Copyright 2025 Fonticons, Inc. --><path fill=\"currentColor\" d=\"M180.7 363.3c6.2 6.2 16.4 6.2 22.6 0l160-160c6.2-6.2 6.2-16.4 0-22.6s-16.4-6.2-22.6 0L192 329.4 43.3 180.7c-6.2-6.2-16.4-6.2-22.6 0s-6.2 16.4 0 22.6l160 160z\"\/><\/svg>\n                            <\/div>\n         \t  <div aria-hidden=\"true\" class=\"bde-faq__icon bde-faq__icon--active\">\n                                <svg xmlns=\"http:\/\/www.w3.org\/2000\/svg\" viewbox=\"0 0 384 512\"><!--! Font Awesome Pro 7.0.1 by @fontawesome - https:\/\/fontawesome.com License - https:\/\/fontawesome.com\/license (Commercial License) Copyright 2025 Fonticons, Inc. --><path fill=\"currentColor\" d=\"M180.7 148.7c6.2-6.2 16.4-6.2 22.6 0l160 160c6.2 6.2 6.2 16.4 0 22.6s-16.4 6.2-22.6 0L192 182.6 43.3 331.3c-6.2 6.2-16.4 6.2-22.6 0s-6.2-16.4 0-22.6l160-160z\"\/><\/svg>\n                            <\/div>\n                  <\/button>\n      <\/h3>\n      <div role=\"region\" aria-labelledby=\"bde-faq-101-button-1\" id=\"bde-faq-101-1\" class=\"bde-faq__answer\">\n        <div class=\"bde-faq__answer-content\">\n            <div class=\"breakdance-rich-text-styles\">\n<p class=\"wp-block-paragraph\">En plus d'un mannequin de r\u00e9animation, des sacs pulmonaires (jetables) suppl\u00e9mentaires, des peaux de visage, des lingettes d\u00e9sinfectantes, un sac de transport et un DAE d'entra\u00eenement sont \u00e9galement utiles. Utilisez-vous un mannequin de r\u00e9animation avanc\u00e9 ? Vous pouvez alors \u00e9galement t\u00e9l\u00e9charger et utiliser l'application correspondante.<\/p>\n<\/div>\n\n                    <\/div>\n      <\/div>\n    <\/div>\n  \n<\/div>    <\/article>\n    <article class=\"bde-loop-item ee-post\">\n        <div class=\"bde-frequently-asked-questions-2803-101-3008-2803-1 bde-frequently-asked-questions bde-frequently-asked-questions-2803-101\">\n      <div class=\"bde-faq__item\">\n      <h3 class=\"bde-faq__title-tag\">\n       <button id=\"bde-faq-101-button-1\" aria-expanded=\"false\" aria-controls=\"bde-faq-101-1\" class=\"bde-faq__question js-faq-item\">\n          <span class=\"bde-faq__title\">Peut-on utiliser un DAE avec des gants de travail ?<\/span>\n                           <div aria-hidden=\"true\" class=\"bde-faq__icon bde-faq__icon--inactive\">\n                                <svg xmlns=\"http:\/\/www.w3.org\/2000\/svg\" viewbox=\"0 0 384 512\"><!--! Font Awesome Pro 7.0.1 by @fontawesome - https:\/\/fontawesome.com License - https:\/\/fontawesome.com\/license (Commercial License) Copyright 2025 Fonticons, Inc. --><path fill=\"currentColor\" d=\"M180.7 363.3c6.2 6.2 16.4 6.2 22.6 0l160-160c6.2-6.2 6.2-16.4 0-22.6s-16.4-6.2-22.6 0L192 329.4 43.3 180.7c-6.2-6.2-16.4-6.2-22.6 0s-6.2 16.4 0 22.6l160 160z\"\/><\/svg>\n                            <\/div>\n         \t  <div aria-hidden=\"true\" class=\"bde-faq__icon bde-faq__icon--active\">\n                                <svg xmlns=\"http:\/\/www.w3.org\/2000\/svg\" viewbox=\"0 0 384 512\"><!--! Font Awesome Pro 7.0.1 by @fontawesome - https:\/\/fontawesome.com License - https:\/\/fontawesome.com\/license (Commercial License) Copyright 2025 Fonticons, Inc. --><path fill=\"currentColor\" d=\"M180.7 148.7c6.2-6.2 16.4-6.2 22.6 0l160 160c6.2 6.2 6.2 16.4 0 22.6s-16.4 6.2-22.6 0L192 182.6 43.3 331.3c-6.2 6.2-16.4 6.2-22.6 0s-6.2-16.4 0-22.6l160-160z\"\/><\/svg>\n                            <\/div>\n                  <\/button>\n      <\/h3>\n      <div role=\"region\" aria-labelledby=\"bde-faq-101-button-1\" id=\"bde-faq-101-1\" class=\"bde-faq__answer\">\n        <div class=\"bde-faq__answer-content\">\n            <div class=\"breakdance-rich-text-styles\">\n<p class=\"wp-block-paragraph\">Non. La plupart des DEA sont dot\u00e9s de gros boutons ou d'un \u00e9cran tactile que vous pouvez utiliser avec des gants, tels que des gants chauds (d'hiver) ou des gants de travail. Il est toutefois pr\u00e9f\u00e9rable d'enlever ses gants (de travail). Il est ainsi plus facile de d\u00e9boutonner une chemise ou un soutien-gorge avec les ciseaux du kit de sauvetage. Les gants de travail emp\u00eachent \u00e9galement de coller correctement les \u00e9lectrodes sur la poitrine de la victime. Enlevez toujours vos gants d\u00e8s que vous commencez la RCP.<\/p>\n\n\n\n<p class=\"wp-block-paragraph\">Vous pouvez bien s\u00fbr utiliser un DAE avec les gants jetables en nitrile (hygi\u00e9niques) de la trousse de secours.<\/p>\n<\/div>\n\n                    <\/div>\n      <\/div>\n    <\/div>\n  \n<\/div>    <\/article>\n    <article class=\"bde-loop-item ee-post\">\n        <div class=\"bde-frequently-asked-questions-2803-101-3021-2803-1 bde-frequently-asked-questions bde-frequently-asked-questions-2803-101\">\n      <div class=\"bde-faq__item\">\n      <h3 class=\"bde-faq__title-tag\">\n       <button id=\"bde-faq-101-button-1\" aria-expanded=\"false\" aria-controls=\"bde-faq-101-1\" class=\"bde-faq__question js-faq-item\">\n          <span class=\"bde-faq__title\">Quels sont les \u00e9lectrodes p\u00e9diatriques et quand les utilise-t-on ?<\/span>\n                           <div aria-hidden=\"true\" class=\"bde-faq__icon bde-faq__icon--inactive\">\n                                <svg xmlns=\"http:\/\/www.w3.org\/2000\/svg\" viewbox=\"0 0 384 512\"><!--! Font Awesome Pro 7.0.1 by @fontawesome - https:\/\/fontawesome.com License - https:\/\/fontawesome.com\/license (Commercial License) Copyright 2025 Fonticons, Inc. --><path fill=\"currentColor\" d=\"M180.7 363.3c6.2 6.2 16.4 6.2 22.6 0l160-160c6.2-6.2 6.2-16.4 0-22.6s-16.4-6.2-22.6 0L192 329.4 43.3 180.7c-6.2-6.2-16.4-6.2-22.6 0s-6.2 16.4 0 22.6l160 160z\"\/><\/svg>\n                            <\/div>\n         \t  <div aria-hidden=\"true\" class=\"bde-faq__icon bde-faq__icon--active\">\n                                <svg xmlns=\"http:\/\/www.w3.org\/2000\/svg\" viewbox=\"0 0 384 512\"><!--! Font Awesome Pro 7.0.1 by @fontawesome - https:\/\/fontawesome.com License - https:\/\/fontawesome.com\/license (Commercial License) Copyright 2025 Fonticons, Inc. --><path fill=\"currentColor\" d=\"M180.7 148.7c6.2-6.2 16.4-6.2 22.6 0l160 160c6.2 6.2 6.2 16.4 0 22.6s-16.4 6.2-22.6 0L192 182.6 43.3 331.3c-6.2 6.2-16.4 6.2-22.6 0s-6.2-16.4 0-22.6l160-160z\"\/><\/svg>\n                            <\/div>\n                  <\/button>\n      <\/h3>\n      <div role=\"region\" aria-labelledby=\"bde-faq-101-button-1\" id=\"bde-faq-101-1\" class=\"bde-faq__answer\">\n        <div class=\"bde-faq__answer-content\">\n            <div class=\"breakdance-rich-text-styles\">\n<p class=\"wp-block-paragraph\">Les \u00e9lectrodes p\u00e9diatriques sont des autocollants sp\u00e9ciaux qui r\u00e9duisent le niveau de courant du choc. Vous les utilisez pour les enfants jusqu'\u00e0 environ 8 ans ou jusqu'\u00e0 un poids de 25 kilos. En raison de la plus petite taille des \u00e9lectrodes et du niveau d'\u00e9nergie plus bas, le choc \u00e9lectrique d\u00e9livr\u00e9 par le DAE est mieux adapt\u00e9 au corps plus petit d'un enfant.<\/p>\n<\/div>\n\n                    <\/div>\n      <\/div>\n    <\/div>\n  \n<\/div>    <\/article>\n    <article class=\"bde-loop-item ee-post\">\n        <div class=\"bde-frequently-asked-questions-2803-101-3025-2803-1 bde-frequently-asked-questions bde-frequently-asked-questions-2803-101\">\n      <div class=\"bde-faq__item\">\n      <h3 class=\"bde-faq__title-tag\">\n       <button id=\"bde-faq-101-button-1\" aria-expanded=\"false\" aria-controls=\"bde-faq-101-1\" class=\"bde-faq__question js-faq-item\">\n          <span class=\"bde-faq__title\">Comment prot\u00e9ger un DAE contre le vandalisme ou le vol ?<\/span>\n                           <div aria-hidden=\"true\" class=\"bde-faq__icon bde-faq__icon--inactive\">\n                                <svg xmlns=\"http:\/\/www.w3.org\/2000\/svg\" viewbox=\"0 0 384 512\"><!--! Font Awesome Pro 7.0.1 by @fontawesome - https:\/\/fontawesome.com License - https:\/\/fontawesome.com\/license (Commercial License) Copyright 2025 Fonticons, Inc. --><path fill=\"currentColor\" d=\"M180.7 363.3c6.2 6.2 16.4 6.2 22.6 0l160-160c6.2-6.2 6.2-16.4 0-22.6s-16.4-6.2-22.6 0L192 329.4 43.3 180.7c-6.2-6.2-16.4-6.2-22.6 0s-6.2 16.4 0 22.6l160 160z\"\/><\/svg>\n                            <\/div>\n         \t  <div aria-hidden=\"true\" class=\"bde-faq__icon bde-faq__icon--active\">\n                                <svg xmlns=\"http:\/\/www.w3.org\/2000\/svg\" viewbox=\"0 0 384 512\"><!--! Font Awesome Pro 7.0.1 by @fontawesome - https:\/\/fontawesome.com License - https:\/\/fontawesome.com\/license (Commercial License) Copyright 2025 Fonticons, Inc. --><path fill=\"currentColor\" d=\"M180.7 148.7c6.2-6.2 16.4-6.2 22.6 0l160 160c6.2 6.2 6.2 16.4 0 22.6s-16.4 6.2-22.6 0L192 182.6 43.3 331.3c-6.2 6.2-16.4 6.2-22.6 0s-6.2-16.4 0-22.6l160-160z\"\/><\/svg>\n                            <\/div>\n                  <\/button>\n      <\/h3>\n      <div role=\"region\" aria-labelledby=\"bde-faq-101-button-1\" id=\"bde-faq-101-1\" class=\"bde-faq__answer\">\n        <div class=\"bde-faq__answer-content\">\n            <div class=\"breakdance-rich-text-styles\">\n<p class=\"wp-block-paragraph\">Vous prot\u00e9gez un DAE en le pla\u00e7ant dans un bo\u00eetier ext\u00e9rieur robuste. Ces bo\u00eetiers sont souvent fabriqu\u00e9s dans des mat\u00e9riaux r\u00e9sistants aux chocs et sont \u00e9galement disponibles avec des options de s\u00e9curit\u00e9 suppl\u00e9mentaires telles qu'une serrure \u00e0 code PIN ou une alarme qui se d\u00e9clenche d\u00e8s que le bo\u00eetier est ouvert.&nbsp;<\/p>\n\n\n\n<p class=\"wp-block-paragraph\">Vous pouvez \u00e9galement pr\u00e9venir le vandalisme et le vol en pla\u00e7ant le placard dans un endroit bien en vue (fr\u00e9quent\u00e9), \u00e0 la vue des cam\u00e9ras.<\/p>\n\n\n\n<p class=\"wp-block-paragraph\">Chez AED-Partner, vous pouvez aussi un <a href=\"https:\/\/serviceshop.a.aedlab.nl\/shop\/aed-partner-diefstal-verzekering\">assurance vol<\/a> cl\u00f4ture. Votre DAE est-il vol\u00e9 ? Nous nous assurons que vous recevez rapidement un DAE de remplacement.<\/p>\n<\/div>\n\n                    <\/div>\n      <\/div>\n    <\/div>\n  \n<\/div>    <\/article>\n    <article class=\"bde-loop-item ee-post\">\n        <div class=\"bde-frequently-asked-questions-2803-101-3026-2803-1 bde-frequently-asked-questions bde-frequently-asked-questions-2803-101\">\n      <div class=\"bde-faq__item\">\n      <h3 class=\"bde-faq__title-tag\">\n       <button id=\"bde-faq-101-button-1\" aria-expanded=\"false\" aria-controls=\"bde-faq-101-1\" class=\"bde-faq__question js-faq-item\">\n          <span class=\"bde-faq__title\">Quel DAE convient \u00e0 l'aviation ?<\/span>\n                           <div aria-hidden=\"true\" class=\"bde-faq__icon bde-faq__icon--inactive\">\n                                <svg xmlns=\"http:\/\/www.w3.org\/2000\/svg\" viewbox=\"0 0 384 512\"><!--! Font Awesome Pro 7.0.1 by @fontawesome - https:\/\/fontawesome.com License - https:\/\/fontawesome.com\/license (Commercial License) Copyright 2025 Fonticons, Inc. --><path fill=\"currentColor\" d=\"M180.7 363.3c6.2 6.2 16.4 6.2 22.6 0l160-160c6.2-6.2 6.2-16.4 0-22.6s-16.4-6.2-22.6 0L192 329.4 43.3 180.7c-6.2-6.2-16.4-6.2-22.6 0s-6.2 16.4 0 22.6l160 160z\"\/><\/svg>\n                            <\/div>\n         \t  <div aria-hidden=\"true\" class=\"bde-faq__icon bde-faq__icon--active\">\n                                <svg xmlns=\"http:\/\/www.w3.org\/2000\/svg\" viewbox=\"0 0 384 512\"><!--! Font Awesome Pro 7.0.1 by @fontawesome - https:\/\/fontawesome.com License - https:\/\/fontawesome.com\/license (Commercial License) Copyright 2025 Fonticons, Inc. --><path fill=\"currentColor\" d=\"M180.7 148.7c6.2-6.2 16.4-6.2 22.6 0l160 160c6.2 6.2 6.2 16.4 0 22.6s-16.4 6.2-22.6 0L192 182.6 43.3 331.3c-6.2 6.2-16.4 6.2-22.6 0s-6.2-16.4 0-22.6l160-160z\"\/><\/svg>\n                            <\/div>\n                  <\/button>\n      <\/h3>\n      <div role=\"region\" aria-labelledby=\"bde-faq-101-button-1\" id=\"bde-faq-101-1\" class=\"bde-faq__answer\">\n        <div class=\"bde-faq__answer-content\">\n            <div class=\"breakdance-rich-text-styles\">\n<p class=\"wp-block-paragraph\">Les DAE pour l'aviation doivent \u00eatre conformes \u00e0 des certifications sp\u00e9cifiques (marquage TSO). Ces appareils sont test\u00e9s sur des facteurs tels que les diff\u00e9rences de pression atmosph\u00e9rique et les rayonnements \u00e9lectromagn\u00e9tiques, afin de ne pas perturber les syst\u00e8mes de bord d'un avion. Tous les mod\u00e8les standards ne peuvent pas \u00eatre emport\u00e9s \u00e0 bord d'un avion commercial.&nbsp;<\/p>\n\n\n\n<p class=\"wp-block-paragraph\">Pour des questions plus sp\u00e9cifiques \u00e0 ce sujet, veuillez contacter notre <a href=\"https:\/\/serviceshop.a.aedlab.nl\/be-fr\/service-a-la-clientele\/\">Customer Service<\/a>.<\/p>\n<\/div>\n\n                    <\/div>\n      <\/div>\n    <\/div>\n  \n<\/div>    <\/article>\n    <article class=\"bde-loop-item ee-post\">\n        <div class=\"bde-frequently-asked-questions-2803-101-3144-2803-1 bde-frequently-asked-questions bde-frequently-asked-questions-2803-101\">\n      <div class=\"bde-faq__item\">\n      <h3 class=\"bde-faq__title-tag\">\n       <button id=\"bde-faq-101-button-1\" aria-expanded=\"false\" aria-controls=\"bde-faq-101-1\" class=\"bde-faq__question js-faq-item\">\n          <span class=\"bde-faq__title\">Faut-il brancher un DAE sur une prise de courant ?<\/span>\n                           <div aria-hidden=\"true\" class=\"bde-faq__icon bde-faq__icon--inactive\">\n                                <svg xmlns=\"http:\/\/www.w3.org\/2000\/svg\" viewbox=\"0 0 384 512\"><!--! Font Awesome Pro 7.0.1 by @fontawesome - https:\/\/fontawesome.com License - https:\/\/fontawesome.com\/license (Commercial License) Copyright 2025 Fonticons, Inc. --><path fill=\"currentColor\" d=\"M180.7 363.3c6.2 6.2 16.4 6.2 22.6 0l160-160c6.2-6.2 6.2-16.4 0-22.6s-16.4-6.2-22.6 0L192 329.4 43.3 180.7c-6.2-6.2-16.4-6.2-22.6 0s-6.2 16.4 0 22.6l160 160z\"\/><\/svg>\n                            <\/div>\n         \t  <div aria-hidden=\"true\" class=\"bde-faq__icon bde-faq__icon--active\">\n                                <svg xmlns=\"http:\/\/www.w3.org\/2000\/svg\" viewbox=\"0 0 384 512\"><!--! Font Awesome Pro 7.0.1 by @fontawesome - https:\/\/fontawesome.com License - https:\/\/fontawesome.com\/license (Commercial License) Copyright 2025 Fonticons, Inc. --><path fill=\"currentColor\" d=\"M180.7 148.7c6.2-6.2 16.4-6.2 22.6 0l160 160c6.2 6.2 6.2 16.4 0 22.6s-16.4 6.2-22.6 0L192 182.6 43.3 331.3c-6.2 6.2-16.4 6.2-22.6 0s-6.2-16.4 0-22.6l160-160z\"\/><\/svg>\n                            <\/div>\n                  <\/button>\n      <\/h3>\n      <div role=\"region\" aria-labelledby=\"bde-faq-101-button-1\" id=\"bde-faq-101-1\" class=\"bde-faq__answer\">\n        <div class=\"bde-faq__answer-content\">\n            <div class=\"breakdance-rich-text-styles\">\n<p class=\"wp-block-paragraph\">Un DAE fonctionne avec une batterie sp\u00e9ciale pour DAE. Il n'est donc pas n\u00e9cessaire de connecter le DAE au r\u00e9seau \u00e9lectrique.<\/p>\n\n\n\n<p class=\"wp-block-paragraph\">Si vous placez le DAE dans un casier pour DAE avec un code PIN, une ventilation, un refroidissement, un chauffage et\/ou une connexion Wi-Fi, le casier pour DAE a besoin d'\u00e9lectricit\u00e9 et vous devez connecter le casier \u00e0 une prise de courant.<\/p>\n\n\n\n<p class=\"wp-block-paragraph\">Nous sommes sp\u00e9cialis\u00e9s dans <a href=\"https:\/\/serviceshop.a.aedlab.nl\/shop\/groep\/kasten\">Armoires pour DAE<\/a> et peuvent \u00e9galement vous aider \u00e0 installer l'armoire DAE appropri\u00e9e au bon endroit. Souhaitez-vous en savoir plus ? Notre <a href=\"https:\/\/serviceshop.a.aedlab.nl\/be-fr\/service-a-la-clientele\/\">Customer Service<\/a> est heureux de vous aider.<\/p>\n<\/div>\n\n                    <\/div>\n      <\/div>\n    <\/div>\n  \n<\/div>    <\/article>\n<\/div>\r\n<\/div><\/div>\n<\/section><section class=\"bde-section-2591-136 bde-section\">\n  \n  \n\t\n\n\n\n<div class=\"section-container\"><div class=\"bde-div-2591-137 bde-div\">\n  \n  \n\t\n\n\n\n<div class=\"bde-columns-2591-138 bde-columns\"><div class=\"bde-column-2591-139 bde-column\">\n  \n  \n\t\n\n\n\n<h2 class=\"bde-dual-heading-2591-140 bde-dual-heading\">\n\n\n            <span data-style=\"primary\" class=\"dual-heading--primary\">Obtenir<\/span>\n\n            <span data-style=\"secondary\" class=\"dual-heading--secondary\">sans obligation<\/span>\n\n            <span data-style=\"primary\" class=\"dual-heading--primary\"> une consultation personnelle + une offre<\/span>\n\n\n\n<\/h2><div class=\"bde-rich-text-2591-141 bde-rich-text breakdance-rich-text-styles\">\n<p>Pour une assistance rapide, veuillez nous contacter par t\u00e9l\u00e9phone au <a href=\"tel:+3211420345\">+31 (0)499 49 00 16<\/a>. Ou laissez vos coordonn\u00e9es via le formulaire. Notre personnel est \u00e0 votre disposition les jours ouvrables entre 8h30 et 18h00.<\/p>\n<\/div><div class=\"bde-globalblock-2591-187 bde-globalblock\"><\/div>\n<\/div><div class=\"bde-column-2591-143 bde-column\">\n  \n  \n\t\n\n\n\n<img decoding=\"async\" class=\"bde-image2-2591-144 bde-image2\" src=\"https:\/\/serviceshop.aedlab.nl\/wp-content\/uploads\/2026\/02\/AED-Partner-AED-offerte4.png\" alt=\"Man en vrouw poseren met Zoll en Philips AED&#039;s\" loading=\"lazy\" srcset=\"https:\/\/serviceshop.aedlab.nl\/wp-content\/uploads\/2026\/02\/AED-Partner-AED-offerte4.png 1200w, https:\/\/serviceshop.aedlab.nl\/wp-content\/uploads\/2026\/02\/AED-Partner-AED-offerte4-300x300.png 300w, https:\/\/serviceshop.aedlab.nl\/wp-content\/uploads\/2026\/02\/AED-Partner-AED-offerte4-1021x1024.png 1021w, https:\/\/serviceshop.aedlab.nl\/wp-content\/uploads\/2026\/02\/AED-Partner-AED-offerte4-150x150.png 150w, https:\/\/serviceshop.aedlab.nl\/wp-content\/uploads\/2026\/02\/AED-Partner-AED-offerte4-768x770.png 768w, https:\/\/serviceshop.aedlab.nl\/wp-content\/uploads\/2026\/02\/AED-Partner-AED-offerte4-12x12.png 12w\" sizes=\"(max-width: 1200px) 100vw, 1200px\">\n<\/div><\/div>\n<\/div><\/div>\n<\/section><section class=\"bde-section-2591-145 bde-section\">\n  \n  \n\t\n\n\n\n<div class=\"section-container\"><\/div>\n<\/section>","protected":false},"featured_media":2576,"template":"","meta":{"_acf_changed":true,"_breakdance_hide_in_design_set":false,"_breakdance_tags":""},"class_list":["post-2591","aed-voor-jouw","type-aed-voor-jouw","status-publish","has-post-thumbnail","hentry"],"acf":[],"yoast_head":"<!-- This site is optimized with the Yoast SEO plugin v27.9 - https:\/\/yoast.com\/product\/yoast-seo-wordpress\/ -->\n<title>AED&#039;s voor gemeentes: cre\u00eber een dekkend netwerk - AED-Partner<\/title>\n<meta name=\"description\" content=\"Zoek je een AED voor jouw gemeente? Ontvang eerlijk advies over slimme plaatsing, buitenkasten en onze onderhoudsservice. Krijg direct zicht op de kosten.\" \/>\n<meta name=\"robots\" content=\"noindex, follow, max-snippet:-1, max-image-preview:large, max-video-preview:-1\" \/>\n<meta property=\"og:locale\" content=\"fr_FR\" \/>\n<meta property=\"og:type\" content=\"article\" \/>\n<meta property=\"og:title\" content=\"AED&#039;s voor gemeentes: cre\u00eber een dekkend netwerk - AED-Partner\" \/>\n<meta property=\"og:description\" content=\"Zoek je een AED voor jouw gemeente? Ontvang eerlijk advies over slimme plaatsing, buitenkasten en onze onderhoudsservice. Krijg direct zicht op de kosten.\" \/>\n<meta property=\"og:url\" content=\"https:\/\/serviceshop.aedlab.nl\/nl\/aed-voor-jouw\/gemeente\/\" \/>\n<meta property=\"og:site_name\" content=\"AED-Partner\" \/>\n<meta property=\"article:modified_time\" content=\"2026-09-01T13:34:10+00:00\" \/>\n<meta property=\"og:image\" content=\"https:\/\/serviceshop.aedlab.nl\/wp-content\/uploads\/2025\/11\/AED-Partner-onderwijs2.jpg\" \/>\n\t<meta property=\"og:image:width\" content=\"1200\" \/>\n\t<meta property=\"og:image:height\" content=\"800\" \/>\n\t<meta property=\"og:image:type\" content=\"image\/jpeg\" \/>\n<meta name=\"twitter:card\" content=\"summary_large_image\" \/>\n<meta name=\"twitter:label1\" content=\"Dur\u00e9e de lecture est.\" \/>\n\t<meta name=\"twitter:data1\" content=\"15 minutes\" \/>\n<script type=\"application\/ld+json\" class=\"yoast-schema-graph\">{\"@context\":\"https:\\\/\\\/schema.org\",\"@graph\":[{\"@type\":\"WebPage\",\"@id\":\"https:\\\/\\\/serviceshop.aedlab.nl\\\/nl\\\/aed-voor-jouw\\\/gemeente\\\/\",\"url\":\"https:\\\/\\\/serviceshop.aedlab.nl\\\/nl\\\/aed-voor-jouw\\\/gemeente\\\/\",\"name\":\"AED's voor gemeentes: cre\u00eber een dekkend netwerk - AED-Partner\",\"isPartOf\":{\"@id\":\"https:\\\/\\\/serviceshop.aedlab.nl\\\/#website\"},\"primaryImageOfPage\":{\"@id\":\"https:\\\/\\\/serviceshop.aedlab.nl\\\/nl\\\/aed-voor-jouw\\\/gemeente\\\/#primaryimage\"},\"image\":{\"@id\":\"https:\\\/\\\/serviceshop.aedlab.nl\\\/nl\\\/aed-voor-jouw\\\/gemeente\\\/#primaryimage\"},\"thumbnailUrl\":\"https:\\\/\\\/serviceshop.a.aedlab.nl\\\/wp-content\\\/uploads\\\/2025\\\/11\\\/AED-Partner-onderwijs2.jpg\",\"datePublished\":\"2026-03-02T15:53:05+00:00\",\"dateModified\":\"2026-09-01T13:34:10+00:00\",\"description\":\"Zoek je een AED voor jouw gemeente? Ontvang eerlijk advies over slimme plaatsing, buitenkasten en onze onderhoudsservice. Krijg direct zicht op de kosten.\",\"breadcrumb\":{\"@id\":\"https:\\\/\\\/serviceshop.aedlab.nl\\\/nl\\\/aed-voor-jouw\\\/gemeente\\\/#breadcrumb\"},\"inLanguage\":\"fr-BE\",\"potentialAction\":[{\"@type\":\"ReadAction\",\"target\":[\"https:\\\/\\\/serviceshop.aedlab.nl\\\/nl\\\/aed-voor-jouw\\\/gemeente\\\/\"]}]},{\"@type\":\"ImageObject\",\"inLanguage\":\"fr-BE\",\"@id\":\"https:\\\/\\\/serviceshop.aedlab.nl\\\/nl\\\/aed-voor-jouw\\\/gemeente\\\/#primaryimage\",\"url\":\"https:\\\/\\\/serviceshop.a.aedlab.nl\\\/wp-content\\\/uploads\\\/2025\\\/11\\\/AED-Partner-onderwijs2.jpg\",\"contentUrl\":\"https:\\\/\\\/serviceshop.a.aedlab.nl\\\/wp-content\\\/uploads\\\/2025\\\/11\\\/AED-Partner-onderwijs2.jpg\",\"width\":1200,\"height\":800,\"caption\":\"Een medewerker van de gemeente poseert met een AED buiten bij het gemeentehuis\"},{\"@type\":\"BreadcrumbList\",\"@id\":\"https:\\\/\\\/serviceshop.aedlab.nl\\\/nl\\\/aed-voor-jouw\\\/gemeente\\\/#breadcrumb\",\"itemListElement\":[{\"@type\":\"ListItem\",\"position\":1,\"name\":\"Home\",\"item\":\"https:\\\/\\\/serviceshop.aedlab.nl\\\/nl\\\/\"},{\"@type\":\"ListItem\",\"position\":2,\"name\":\"Gemeente\"}]},{\"@type\":\"WebSite\",\"@id\":\"https:\\\/\\\/serviceshop.aedlab.nl\\\/#website\",\"url\":\"https:\\\/\\\/serviceshop.aedlab.nl\\\/\",\"name\":\"Aedpartner.com\",\"description\":\"\",\"publisher\":{\"@id\":\"https:\\\/\\\/serviceshop.aedlab.nl\\\/#organization\"},\"potentialAction\":[{\"@type\":\"SearchAction\",\"target\":{\"@type\":\"EntryPoint\",\"urlTemplate\":\"https:\\\/\\\/serviceshop.aedlab.nl\\\/?s={search_term_string}\"},\"query-input\":{\"@type\":\"PropertyValueSpecification\",\"valueRequired\":true,\"valueName\":\"search_term_string\"}}],\"inLanguage\":\"fr-BE\"},{\"@type\":\"Organization\",\"@id\":\"https:\\\/\\\/serviceshop.aedlab.nl\\\/#organization\",\"name\":\"AED-Partner\",\"url\":\"https:\\\/\\\/serviceshop.aedlab.nl\\\/\",\"logo\":{\"@type\":\"ImageObject\",\"inLanguage\":\"fr-BE\",\"@id\":\"https:\\\/\\\/serviceshop.aedlab.nl\\\/#\\\/schema\\\/logo\\\/image\\\/\",\"url\":\"https:\\\/\\\/serviceshop.a.aedlab.nl\\\/wp-content\\\/uploads\\\/2025\\\/10\\\/AED-Partner-Logo-RGB-scaled.png\",\"contentUrl\":\"https:\\\/\\\/serviceshop.a.aedlab.nl\\\/wp-content\\\/uploads\\\/2025\\\/10\\\/AED-Partner-Logo-RGB-scaled.png\",\"width\":2560,\"height\":1372,\"caption\":\"AED-Partner\"},\"image\":{\"@id\":\"https:\\\/\\\/serviceshop.aedlab.nl\\\/#\\\/schema\\\/logo\\\/image\\\/\"}}]}<\/script>\n<!-- \/ Yoast SEO plugin. -->","yoast_head_json":{"title":"D\u00e9fibrillateurs externes pour les municipalit\u00e9s : cr\u00e9ez un r\u00e9seau complet - AED-Partner","description":"Vous recherchez un DAE pour votre commune ? Obtenez des conseils honn\u00eates sur le placement intelligent, les armoires ext\u00e9rieures et notre service de maintenance. Obtenez un aper\u00e7u imm\u00e9diat des co\u00fbts.","robots":{"index":"noindex","follow":"follow","max-snippet":"max-snippet:-1","max-image-preview":"max-image-preview:large","max-video-preview":"max-video-preview:-1"},"og_locale":"fr_FR","og_type":"article","og_title":"AED's voor gemeentes: cre\u00eber een dekkend netwerk - AED-Partner","og_description":"Zoek je een AED voor jouw gemeente? Ontvang eerlijk advies over slimme plaatsing, buitenkasten en onze onderhoudsservice. Krijg direct zicht op de kosten.","og_url":"https:\/\/serviceshop.aedlab.nl\/nl\/aed-voor-jouw\/gemeente\/","og_site_name":"AED-Partner","article_modified_time":"2026-09-01T13:34:10+00:00","og_image":[{"width":1200,"height":800,"url":"https:\/\/serviceshop.aedlab.nl\/wp-content\/uploads\/2025\/11\/AED-Partner-onderwijs2.jpg","type":"image\/jpeg"}],"twitter_card":"summary_large_image","twitter_misc":{"Dur\u00e9e de lecture est.":"15 minutes"},"schema":{"@context":"https:\/\/schema.org","@graph":[{"@type":"WebPage","@id":"https:\/\/serviceshop.aedlab.nl\/nl\/aed-voor-jouw\/gemeente\/","url":"https:\/\/serviceshop.aedlab.nl\/nl\/aed-voor-jouw\/gemeente\/","name":"D\u00e9fibrillateurs externes pour les municipalit\u00e9s : cr\u00e9ez un r\u00e9seau complet - AED-Partner","isPartOf":{"@id":"https:\/\/serviceshop.aedlab.nl\/#website"},"primaryImageOfPage":{"@id":"https:\/\/serviceshop.aedlab.nl\/nl\/aed-voor-jouw\/gemeente\/#primaryimage"},"image":{"@id":"https:\/\/serviceshop.aedlab.nl\/nl\/aed-voor-jouw\/gemeente\/#primaryimage"},"thumbnailUrl":"https:\/\/serviceshop.a.aedlab.nl\/wp-content\/uploads\/2025\/11\/AED-Partner-onderwijs2.jpg","datePublished":"2026-03-02T15:53:05+00:00","dateModified":"2026-09-01T13:34:10+00:00","description":"Vous recherchez un DAE pour votre commune ? Obtenez des conseils honn\u00eates sur le placement intelligent, les armoires ext\u00e9rieures et notre service de maintenance. Obtenez un aper\u00e7u imm\u00e9diat des co\u00fbts.","breadcrumb":{"@id":"https:\/\/serviceshop.aedlab.nl\/nl\/aed-voor-jouw\/gemeente\/#breadcrumb"},"inLanguage":"fr-BE","potentialAction":[{"@type":"ReadAction","target":["https:\/\/serviceshop.aedlab.nl\/nl\/aed-voor-jouw\/gemeente\/"]}]},{"@type":"ImageObject","inLanguage":"fr-BE","@id":"https:\/\/serviceshop.aedlab.nl\/nl\/aed-voor-jouw\/gemeente\/#primaryimage","url":"https:\/\/serviceshop.a.aedlab.nl\/wp-content\/uploads\/2025\/11\/AED-Partner-onderwijs2.jpg","contentUrl":"https:\/\/serviceshop.a.aedlab.nl\/wp-content\/uploads\/2025\/11\/AED-Partner-onderwijs2.jpg","width":1200,"height":800,"caption":"Een medewerker van de gemeente poseert met een AED buiten bij het gemeentehuis"},{"@type":"BreadcrumbList","@id":"https:\/\/serviceshop.aedlab.nl\/nl\/aed-voor-jouw\/gemeente\/#breadcrumb","itemListElement":[{"@type":"ListItem","position":1,"name":"Home","item":"https:\/\/serviceshop.aedlab.nl\/nl\/"},{"@type":"ListItem","position":2,"name":"Gemeente"}]},{"@type":"WebSite","@id":"https:\/\/serviceshop.aedlab.nl\/#website","url":"https:\/\/serviceshop.aedlab.nl\/","name":"Aedpartner.com","description":"","publisher":{"@id":"https:\/\/serviceshop.aedlab.nl\/#organization"},"potentialAction":[{"@type":"SearchAction","target":{"@type":"EntryPoint","urlTemplate":"https:\/\/serviceshop.aedlab.nl\/?s={search_term_string}"},"query-input":{"@type":"PropertyValueSpecification","valueRequired":true,"valueName":"search_term_string"}}],"inLanguage":"fr-BE"},{"@type":"Organization","@id":"https:\/\/serviceshop.aedlab.nl\/#organization","name":"Partenaire DEA","url":"https:\/\/serviceshop.aedlab.nl\/","logo":{"@type":"ImageObject","inLanguage":"fr-BE","@id":"https:\/\/serviceshop.aedlab.nl\/#\/schema\/logo\/image\/","url":"https:\/\/serviceshop.a.aedlab.nl\/wp-content\/uploads\/2025\/10\/AED-Partner-Logo-RGB-scaled.png","contentUrl":"https:\/\/serviceshop.a.aedlab.nl\/wp-content\/uploads\/2025\/10\/AED-Partner-Logo-RGB-scaled.png","width":2560,"height":1372,"caption":"AED-Partner"},"image":{"@id":"https:\/\/serviceshop.aedlab.nl\/#\/schema\/logo\/image\/"}}]}},"_links":{"self":[{"href":"https:\/\/serviceshop.a.aedlab.nl\/be-fr\/wp-json\/wp\/v2\/aed-voor-jouw\/2591","targetHints":{"allow":["GET"]}}],"collection":[{"href":"https:\/\/serviceshop.a.aedlab.nl\/be-fr\/wp-json\/wp\/v2\/aed-voor-jouw"}],"about":[{"href":"https:\/\/serviceshop.a.aedlab.nl\/be-fr\/wp-json\/wp\/v2\/types\/aed-voor-jouw"}],"wp:featuredmedia":[{"embeddable":true,"href":"https:\/\/serviceshop.a.aedlab.nl\/be-fr\/wp-json\/wp\/v2\/media\/2576"}],"wp:attachment":[{"href":"https:\/\/serviceshop.a.aedlab.nl\/be-fr\/wp-json\/wp\/v2\/media?parent=2591"}],"curies":[{"name":"wp","href":"https:\/\/api.w.org\/{rel}","templated":true}]}}